{"id":6922,"date":"2023-11-19T10:39:22","date_gmt":"2023-11-19T10:39:22","guid":{"rendered":"https:\/\/demo.wpzoom.com\/inspiro-lite-blocks-xml\/?page_id=6922"},"modified":"2026-08-21T08:22:51","modified_gmt":"2026-08-21T11:22:51","slug":"homepage","status":"publish","type":"page","link":"https:\/\/terrana.com.br\/","title":{"rendered":"Homepage"},"content":{"rendered":"\n<div class=\"wp-block-cover alignfull\" style=\"min-height:100vh;aspect-ratio:unset;\"><img loading=\"lazy\" decoding=\"async\" width=\"800\" height=\"1200\" class=\"wp-block-cover__image-background wp-image-7096 size-full\" alt=\"\" src=\"https:\/\/terrana.com.br\/wp-content\/uploads\/2019\/11\/MG_5126-copy-2.jpg\" data-object-fit=\"cover\" srcset=\"https:\/\/terrana.com.br\/wp-content\/uploads\/2019\/11\/MG_5126-copy-2.jpg 800w, https:\/\/terrana.com.br\/wp-content\/uploads\/2019\/11\/MG_5126-copy-2-200x300.jpg 200w, https:\/\/terrana.com.br\/wp-content\/uploads\/2019\/11\/MG_5126-copy-2-683x1024.jpg 683w\" sizes=\"auto, (max-width: 800px) 100vw, 800px\" \/><span aria-hidden=\"true\" class=\"wp-block-cover__background has-background-dim-40 has-background-dim wp-block-cover__gradient-background has-background-gradient\" style=\"background:linear-gradient(185deg,rgb(0,0,0) 0%,rgba(0,0,0,0.53) 100%)\"><\/span><div class=\"wp-block-cover__inner-container has-global-padding is-layout-constrained wp-block-cover-is-layout-constrained\">\n<div style=\"height:25px\" aria-hidden=\"true\" class=\"wp-block-spacer\"><\/div>\n\n\n\n<p class=\"has-text-align-center has-white-color has-text-color has-medium-font-size wp-block-paragraph\">&#8220;Sempre me surpreendo com uma luz incomum vinda da natureza.&#8221;<\/p>\n\n\n\n<p class=\"has-text-align-center has-white-color has-text-color has-medium-font-size wp-block-paragraph\"><em>Nina Dias by Carlos Terrana<\/em><\/p>\n\n\n\n<p class=\"has-text-align-center has-white-color has-text-color has-medium-font-size wp-block-paragraph\"><\/p>\n\n\n\n<p class=\"has-text-align-center has-white-color has-text-color has-medium-font-size wp-block-paragraph\"><a href=\"https:\/\/www.instagram.com\/fotografoterrana\/\">Instagram @fotografoterrana<\/a><br><a href=\"https:\/\/wp-themes.com\/wp-content\/themes\/inspiro-blocks\/assets\/video\/video.mp4\"><\/a><\/p>\n<\/div><\/div>\n\n\n\n<div class=\"wp-block-group alignfull pattern_multiple_covers has-background-background-color has-background has-global-padding is-layout-constrained wp-block-group-is-layout-constrained\" id=\"services\">\n<p class=\"has-text-align-left has-secondary-color has-text-color wp-block-paragraph\" style=\"letter-spacing:1px\"><\/p>\n\n\n\n<h2 class=\"wp-block-heading has-text-align-left\">Fotografia | Arte | Criatividade | Jornal\u00edstico<\/h2>\n\n\n\n<p class=\"has-text-align-left wp-block-paragraph\"><\/p>\n\n\n\n<div style=\"height:46px\" aria-hidden=\"true\" class=\"wp-block-spacer\"><\/div>\n\n\n\n<div class=\"wp-block-columns is-layout-flex wp-container-core-columns-is-layout-0e47273b wp-block-columns-is-layout-flex\">\n<div class=\"wp-block-column is-layout-flow wp-block-column-is-layout-flow\" style=\"padding-top:0;padding-right:0;padding-bottom:0;padding-left:0\">\n<div class=\"wp-block-cover has-custom-content-position is-position-bottom-left\" style=\"padding-top:var(--wp--preset--spacing--small);padding-right:var(--wp--preset--spacing--x-small);padding-bottom:var(--wp--preset--spacing--small);padding-left:var(--wp--preset--spacing--x-small);min-height:520px;aspect-ratio:unset;\"><img loading=\"lazy\" decoding=\"async\" width=\"347\" height=\"520\" class=\"wp-block-cover__image-background wp-image-7076 size-full\" alt=\"\" src=\"https:\/\/terrana.com.br\/wp-content\/uploads\/2019\/11\/MG_2144-2.jpg\" data-object-fit=\"cover\" srcset=\"https:\/\/terrana.com.br\/wp-content\/uploads\/2019\/11\/MG_2144-2.jpg 347w, https:\/\/terrana.com.br\/wp-content\/uploads\/2019\/11\/MG_2144-2-200x300.jpg 200w\" sizes=\"auto, (max-width: 347px) 100vw, 347px\" \/><span aria-hidden=\"true\" class=\"wp-block-cover__background has-primary-background-color has-background-dim-70 has-background-dim\"><\/span><div class=\"wp-block-cover__inner-container is-layout-flow wp-block-cover-is-layout-flow\">\n<h3 class=\"wp-block-heading has-white-color has-text-color has-medium-font-size\" style=\"margin-top:0;margin-right:0;margin-bottom:0;margin-left:0\">Tradi\u00e7\u00e3o em books preto e branco<\/h3>\n\n\n\n<p class=\"has-secondary-color has-text-color has-link-color wp-elements-1 wp-block-paragraph\" style=\"margin-top:0;margin-right:0;margin-bottom:0;margin-left:0\"><a href=\"https:\/\/terrana.com.br\/?p=5984\">VEJA MAIS<\/a><\/p>\n<\/div><\/div>\n<\/div>\n\n\n\n<div class=\"wp-block-column is-layout-flow wp-block-column-is-layout-flow\" style=\"padding-top:0;padding-right:0;padding-bottom:0;padding-left:0\">\n<div class=\"wp-block-cover has-custom-content-position is-position-bottom-left\" style=\"padding-top:var(--wp--preset--spacing--small);padding-right:var(--wp--preset--spacing--x-small);padding-bottom:var(--wp--preset--spacing--small);padding-left:var(--wp--preset--spacing--x-small);min-height:516px;aspect-ratio:unset;\"><img loading=\"lazy\" decoding=\"async\" width=\"500\" height=\"583\" class=\"wp-block-cover__image-background wp-image-7125 size-full\" alt=\"\" src=\"https:\/\/terrana.com.br\/wp-content\/uploads\/2026\/07\/SOSCERRADO.jpg\" data-object-fit=\"cover\" srcset=\"https:\/\/terrana.com.br\/wp-content\/uploads\/2026\/07\/SOSCERRADO.jpg 500w, https:\/\/terrana.com.br\/wp-content\/uploads\/2026\/07\/SOSCERRADO-257x300.jpg 257w\" sizes=\"auto, (max-width: 500px) 100vw, 500px\" \/><span aria-hidden=\"true\" class=\"wp-block-cover__background has-primary-background-color has-background-dim-70 has-background-dim\"><\/span><div class=\"wp-block-cover__inner-container is-layout-flow wp-block-cover-is-layout-flow\">\n<h3 class=\"wp-block-heading has-white-color has-text-color has-medium-font-size\" style=\"margin-top:0;margin-right:0;margin-bottom:0;margin-left:0\">Projeto Guardi\u00e3s das nascentes<\/h3>\n\n\n\n<p class=\"has-secondary-color has-text-color has-link-color wp-elements-2 wp-block-paragraph\" style=\"margin-top:0;margin-right:0;margin-bottom:0;margin-left:0\"><a href=\"https:\/\/terrana.com.br\/?p=7415\">VEJA MAIS<\/a><\/p>\n<\/div><\/div>\n<\/div>\n\n\n\n<div class=\"wp-block-column is-layout-flow wp-block-column-is-layout-flow\" style=\"padding-top:0;padding-right:0;padding-bottom:0;padding-left:0\">\n<div class=\"wp-block-cover has-custom-content-position is-position-bottom-left\" style=\"padding-top:var(--wp--preset--spacing--small);padding-right:var(--wp--preset--spacing--x-small);padding-bottom:var(--wp--preset--spacing--small);padding-left:var(--wp--preset--spacing--x-small);min-height:514px;aspect-ratio:unset;\"><img loading=\"lazy\" decoding=\"async\" width=\"1024\" height=\"607\" class=\"wp-block-cover__image-background wp-image-7141 size-large\" alt=\"\" src=\"https:\/\/terrana.com.br\/wp-content\/uploads\/2026\/07\/BEIJA-FLOR-DF-2005-1024x607.jpg\" data-object-fit=\"cover\" srcset=\"https:\/\/terrana.com.br\/wp-content\/uploads\/2026\/07\/BEIJA-FLOR-DF-2005-1024x607.jpg 1024w, https:\/\/terrana.com.br\/wp-content\/uploads\/2026\/07\/BEIJA-FLOR-DF-2005-300x178.jpg 300w, https:\/\/terrana.com.br\/wp-content\/uploads\/2026\/07\/BEIJA-FLOR-DF-2005.jpg 1200w\" sizes=\"auto, (max-width: 1024px) 100vw, 1024px\" \/><span aria-hidden=\"true\" class=\"wp-block-cover__background has-primary-background-color has-background-dim-70 has-background-dim\"><\/span><div class=\"wp-block-cover__inner-container is-layout-flow wp-block-cover-is-layout-flow\">\n<h3 class=\"wp-block-heading has-white-color has-text-color has-medium-font-size\" style=\"margin-top:0;margin-right:0;margin-bottom:0;margin-left:0\">Projeto 101 animais no Cerrado<\/h3>\n\n\n\n<p class=\"has-secondary-color has-text-color has-link-color wp-elements-3 wp-block-paragraph\" style=\"margin-top:0;margin-right:0;margin-bottom:0;margin-left:0\"><a href=\"https:\/\/terrana.com.br\/?p=2831\">VEJA MAIS<\/a><\/p>\n<\/div><\/div>\n<\/div>\n<\/div>\n\n\n\n<div style=\"height:103px\" aria-hidden=\"true\" class=\"wp-block-spacer\"><\/div>\n<\/div>\n\n\n\n<div class=\"wp-block-group alignfull has-global-padding is-layout-constrained wp-block-group-is-layout-constrained\">\n<div class=\"wp-block-group has-global-padding is-layout-constrained wp-block-group-is-layout-constrained\" style=\"padding-top:var(--wp--preset--spacing--small);padding-bottom:var(--wp--preset--spacing--small)\">\n<div style=\"height:30px\" aria-hidden=\"true\" class=\"wp-block-spacer\"><\/div>\n\n\n\n<div class=\"wp-block-columns is-layout-flex wp-container-core-columns-is-layout-596ee089 wp-block-columns-is-layout-flex\">\n<div class=\"wp-block-column is-vertically-aligned-center is-layout-flow wp-block-column-is-layout-flow\">\n<h2 class=\"wp-block-heading has-medium-font-size\" style=\"text-transform:uppercase\">Sobre mim<\/h2>\n\n\n\n<p class=\"wp-block-paragraph\">Iniciei meus trabalhos como fot\u00f3grafo em 1973, S\u00e3o Paulo, num curso de Artes Pl\u00e1sticas na Funda\u00e7\u00e3o Armando \u00c1lvares Penteado FAAP. A primeira escola onde lecionei fotografia foi a FOCA. Tempos de laborat\u00f3rio fotogr\u00e1fico&#8230;<\/p>\n\n\n\n<div class=\"wp-block-buttons is-horizontal is-content-justification-left is-layout-flex wp-container-core-buttons-is-layout-3177425e wp-block-buttons-is-layout-flex\">\n<div class=\"wp-block-button is-style-outline is-style-outline--1\"><a class=\"wp-block-button__link wp-element-button\" href=\"https:\/\/terrana.com.br\/?page_id=6835\" style=\"border-radius:0px;font-style:normal;font-weight:600\">veja mais<\/a><\/div>\n<\/div>\n\n\n\n<p class=\"wp-block-paragraph\"><\/p>\n<\/div>\n\n\n\n<div class=\"wp-block-column is-layout-flow wp-block-column-is-layout-flow\">\n<figure class=\"wp-block-image size-full is-resized\"><img loading=\"lazy\" decoding=\"async\" width=\"375\" height=\"500\" src=\"https:\/\/terrana.com.br\/wp-content\/uploads\/2026\/07\/lab2.jpg\" alt=\"\" class=\"wp-image-7210\" style=\"width:293px;height:auto\" srcset=\"https:\/\/terrana.com.br\/wp-content\/uploads\/2026\/07\/lab2.jpg 375w, https:\/\/terrana.com.br\/wp-content\/uploads\/2026\/07\/lab2-225x300.jpg 225w\" sizes=\"auto, (max-width: 375px) 100vw, 375px\" \/><\/figure>\n<\/div>\n<\/div>\n\n\n\n<div style=\"height:30px\" aria-hidden=\"true\" class=\"wp-block-spacer\"><\/div>\n<\/div>\n<\/div>\n\n\n\n<div class=\"wp-block-group alignfull has-background-background-color has-background has-global-padding is-layout-constrained wp-block-group-is-layout-constrained\">\n<div class=\"wp-block-group has-global-padding is-layout-constrained wp-block-group-is-layout-constrained\" style=\"padding-top:var(--wp--preset--spacing--small);padding-bottom:var(--wp--preset--spacing--small)\">\n<div style=\"height:30px\" aria-hidden=\"true\" class=\"wp-block-spacer\"><\/div>\n\n\n\n<div class=\"wp-block-columns are-vertically-aligned-center is-layout-flex wp-container-core-columns-is-layout-596ee089 wp-block-columns-is-layout-flex\">\n<div class=\"wp-block-column is-vertically-aligned-center is-layout-flow wp-block-column-is-layout-flow\">\n<figure class=\"wp-block-image size-large is-resized\"><img loading=\"lazy\" decoding=\"async\" width=\"1024\" height=\"1024\" src=\"https:\/\/terrana.com.br\/wp-content\/uploads\/2026\/07\/IMG-20170402-WA0042-1024x1024.jpg\" alt=\"\" class=\"wp-image-7177\" style=\"width:427px;height:auto\" srcset=\"https:\/\/terrana.com.br\/wp-content\/uploads\/2026\/07\/IMG-20170402-WA0042-1024x1024.jpg 1024w, https:\/\/terrana.com.br\/wp-content\/uploads\/2026\/07\/IMG-20170402-WA0042-300x300.jpg 300w, https:\/\/terrana.com.br\/wp-content\/uploads\/2026\/07\/IMG-20170402-WA0042-150x150.jpg 150w, https:\/\/terrana.com.br\/wp-content\/uploads\/2026\/07\/IMG-20170402-WA0042.jpg 1280w\" sizes=\"auto, (max-width: 1024px) 100vw, 1024px\" \/><\/figure>\n<\/div>\n\n\n\n<div class=\"wp-block-column is-vertically-aligned-center is-layout-flow wp-block-column-is-layout-flow\">\n<h2 class=\"wp-block-heading has-medium-font-size\" style=\"text-transform:uppercase\">Tempos da UPIS<\/h2>\n\n\n\n<p class=\"wp-block-paragraph\">As aulas na Faculdade de Fotografia da UPIS foram muito produtivas e t\u00ednhamos aulas pr\u00e1ticas de fotografia publicit\u00e1ria, fotografia anal\u00f3gica e labort\u00f3rio preto e branco.<\/p>\n\n\n\n<div class=\"wp-block-buttons is-layout-flex wp-block-buttons-is-layout-flex\">\n<div class=\"wp-block-button is-style-outline is-style-outline--2\"><a class=\"wp-block-button__link wp-element-button\" href=\"https:\/\/terrana.com.br\/?p=681\" style=\"border-radius:0px;font-style:normal;font-weight:600\">veja mais<\/a><\/div>\n<\/div>\n<\/div>\n<\/div>\n<\/div>\n<\/div>\n\n\n\n<div class=\"wp-block-group alignfull portfolio-dark has-black-background-color has-background has-global-padding is-layout-constrained wp-block-group-is-layout-constrained\" id=\"portfolio\" style=\"margin-top:0px\">\n<div style=\"height:32px\" aria-hidden=\"true\" class=\"wp-block-spacer\"><\/div>\n\n\n\n<p class=\"has-text-align-left has-text-color wp-block-paragraph\" style=\"color:#0bb4aa;letter-spacing:1px\"><a href=\"https:\/\/terrana.com.br\/?page_id=5206\" data-type=\"page\" data-id=\"5206\"><strong>PORTFOLIO<\/strong><\/a><\/p>\n\n\n\n<figure class=\"wp-block-image size-large is-resized\"><img loading=\"lazy\" decoding=\"async\" width=\"684\" height=\"1024\" src=\"https:\/\/terrana.com.br\/wp-content\/uploads\/2019\/11\/TER6173-copia-684x1024.jpg\" alt=\"\" class=\"wp-image-7102\" style=\"width:380px;height:auto\" srcset=\"https:\/\/terrana.com.br\/wp-content\/uploads\/2019\/11\/TER6173-copia-684x1024.jpg 684w, https:\/\/terrana.com.br\/wp-content\/uploads\/2019\/11\/TER6173-copia-200x300.jpg 200w, https:\/\/terrana.com.br\/wp-content\/uploads\/2019\/11\/TER6173-copia.jpg 801w\" sizes=\"auto, (max-width: 684px) 100vw, 684px\" \/><\/figure>\n\n\n\n<h2 class=\"wp-block-heading has-text-align-left has-white-color has-text-color has-medium-font-size\"><strong>Um pouco do meu trabalho.<\/strong><\/h2>\n\n\n\n<p class=\"wp-block-paragraph\"><\/p>\n<\/div>\n\n\n\n<div id=\"partners\" class=\"wp-block-group has-global-padding is-content-justification-center is-layout-constrained wp-container-core-group-is-layout-dcfcd2ea wp-block-group-is-layout-constrained\" style=\"padding-right:var(--wp--preset--spacing--small);padding-left:var(--wp--preset--spacing--small)\">\n<div class=\"wp-block-group has-global-padding is-content-justification-left is-layout-constrained wp-container-core-group-is-layout-acd9a491 wp-block-group-is-layout-constrained\" style=\"padding-top:0px;padding-right:0;padding-bottom:var(--wp--preset--spacing--small);padding-left:0\">\n<div class=\"wp-block-columns is-layout-flex wp-container-core-columns-is-layout-0e47273b wp-block-columns-is-layout-flex\">\n<div class=\"wp-block-column is-layout-flow wp-block-column-is-layout-flow\" style=\"flex-basis:60%\">\n<p class=\"has-secondary-color has-text-color has-medium-font-size wp-block-paragraph\"><strong>ESPECIALIZADO EM ENSAIOS SENSUAIS<\/strong>.<\/p>\n\n\n\n<p class=\"wp-block-paragraph\">Ensaios autorais e criativos.<\/p>\n<\/div>\n\n\n\n<div class=\"wp-block-column is-layout-flow wp-block-column-is-layout-flow\" style=\"flex-basis:40%\"><\/div>\n<\/div>\n<\/div>\n\n\n\n<div class=\"wp-block-group has-global-padding is-layout-constrained wp-block-group-is-layout-constrained\">\n<figure class=\"wp-block-image size-large is-resized\"><img loading=\"lazy\" decoding=\"async\" width=\"869\" height=\"1024\" src=\"https:\/\/terrana.com.br\/wp-content\/uploads\/2019\/11\/TER2483-copia-Copia-2-869x1024.jpg\" alt=\"\" class=\"wp-image-7103\" style=\"aspect-ratio:0.8486354483526841;width:436px;height:auto\" srcset=\"https:\/\/terrana.com.br\/wp-content\/uploads\/2019\/11\/TER2483-copia-Copia-2-869x1024.jpg 869w, https:\/\/terrana.com.br\/wp-content\/uploads\/2019\/11\/TER2483-copia-Copia-2-255x300.jpg 255w, https:\/\/terrana.com.br\/wp-content\/uploads\/2019\/11\/TER2483-copia-Copia-2.jpg 1018w\" sizes=\"auto, (max-width: 869px) 100vw, 869px\" \/><\/figure>\n<\/div>\n<\/div>\n\n\n\n<div class=\"wp-block-group alignfull has-background-background-color has-background has-global-padding is-layout-constrained wp-container-core-group-is-layout-bc4c3831 wp-block-group-is-layout-constrained\" id=\"team\" style=\"padding-right:var(--wp--preset--spacing--small);padding-left:var(--wp--preset--spacing--small)\">\n<div class=\"wp-block-group is-layout-flow wp-block-group-is-layout-flow\">\n<p class=\"has-secondary-color has-text-color has-link-color wp-elements-4 wp-block-paragraph\"><\/p>\n\n\n\n<h2 class=\"wp-block-heading\">Veja tamb\u00e9m<\/h2>\n\n\n\n<div style=\"height:27px\" aria-hidden=\"true\" class=\"wp-block-spacer\"><\/div>\n\n\n\n<div style=\"height:0px\" aria-hidden=\"true\" class=\"wp-block-spacer\"><\/div>\n\n\n\n<div class=\"wp-block-columns is-layout-flex wp-container-core-columns-is-layout-0e47273b wp-block-columns-is-layout-flex\">\n<div class=\"wp-block-column is-style-default is-layout-flow wp-block-column-is-layout-flow\" style=\"border-style:none;border-width:0px;padding-top:0;padding-right:0;padding-bottom:0;padding-left:0\">\n<figure class=\"wp-block-image size-large is-style-default\"><img loading=\"lazy\" decoding=\"async\" width=\"684\" height=\"1024\" src=\"https:\/\/terrana.com.br\/wp-content\/uploads\/2026\/07\/TER5691-3-684x1024.jpg\" alt=\"\" class=\"wp-image-7218\" srcset=\"https:\/\/terrana.com.br\/wp-content\/uploads\/2026\/07\/TER5691-3-684x1024.jpg 684w, https:\/\/terrana.com.br\/wp-content\/uploads\/2026\/07\/TER5691-3-200x300.jpg 200w, https:\/\/terrana.com.br\/wp-content\/uploads\/2026\/07\/TER5691-3.jpg 801w\" sizes=\"auto, (max-width: 684px) 100vw, 684px\" \/><\/figure>\n\n\n\n<h3 class=\"wp-block-heading\">Projeto Crespas e Cacheadas<\/h3>\n\n\n\n<p class=\"has-tertiary-color has-text-color has-link-color wp-elements-5 wp-block-paragraph\"><a href=\"https:\/\/terrana.com.br\/?p=7224\">Veja mais<\/a><\/p>\n\n\n\n<p class=\"wp-block-paragraph\">Projeto onde a fotografia \u00e9 usada como ferramenta de empoderamento e auto-estima.<\/p>\n\n\n\n<ul class=\"wp-block-social-links has-icon-color is-style-logos-only is-layout-flex wp-container-core-social-links-is-layout-5c446998 wp-block-social-links-is-layout-flex\"><li style=\"color:currentColor\" class=\"wp-social-link wp-social-link-instagram has-primary-color wp-block-social-link\"><a href=\"https:\/\/www.instagram.com\/fotografoterrana\/\" class=\"wp-block-social-link-anchor\"><svg width=\"24\" height=\"24\" viewBox=\"0 0 24 24\" version=\"1.1\" xmlns=\"http:\/\/www.w3.org\/2000\/svg\" aria-hidden=\"true\" focusable=\"false\"><path d=\"M12,4.622c2.403,0,2.688,0.009,3.637,0.052c0.877,0.04,1.354,0.187,1.671,0.31c0.42,0.163,0.72,0.358,1.035,0.673 c0.315,0.315,0.51,0.615,0.673,1.035c0.123,0.317,0.27,0.794,0.31,1.671c0.043,0.949,0.052,1.234,0.052,3.637 s-0.009,2.688-0.052,3.637c-0.04,0.877-0.187,1.354-0.31,1.671c-0.163,0.42-0.358,0.72-0.673,1.035 c-0.315,0.315-0.615,0.51-1.035,0.673c-0.317,0.123-0.794,0.27-1.671,0.31c-0.949,0.043-1.233,0.052-3.637,0.052 s-2.688-0.009-3.637-0.052c-0.877-0.04-1.354-0.187-1.671-0.31c-0.42-0.163-0.72-0.358-1.035-0.673 c-0.315-0.315-0.51-0.615-0.673-1.035c-0.123-0.317-0.27-0.794-0.31-1.671C4.631,14.688,4.622,14.403,4.622,12 s0.009-2.688,0.052-3.637c0.04-0.877,0.187-1.354,0.31-1.671c0.163-0.42,0.358-0.72,0.673-1.035 c0.315-0.315,0.615-0.51,1.035-0.673c0.317-0.123,0.794-0.27,1.671-0.31C9.312,4.631,9.597,4.622,12,4.622 M12,3 C9.556,3,9.249,3.01,8.289,3.054C7.331,3.098,6.677,3.25,6.105,3.472C5.513,3.702,5.011,4.01,4.511,4.511 c-0.5,0.5-0.808,1.002-1.038,1.594C3.25,6.677,3.098,7.331,3.054,8.289C3.01,9.249,3,9.556,3,12c0,2.444,0.01,2.751,0.054,3.711 c0.044,0.958,0.196,1.612,0.418,2.185c0.23,0.592,0.538,1.094,1.038,1.594c0.5,0.5,1.002,0.808,1.594,1.038 c0.572,0.222,1.227,0.375,2.185,0.418C9.249,20.99,9.556,21,12,21s2.751-0.01,3.711-0.054c0.958-0.044,1.612-0.196,2.185-0.418 c0.592-0.23,1.094-0.538,1.594-1.038c0.5-0.5,0.808-1.002,1.038-1.594c0.222-0.572,0.375-1.227,0.418-2.185 C20.99,14.751,21,14.444,21,12s-0.01-2.751-0.054-3.711c-0.044-0.958-0.196-1.612-0.418-2.185c-0.23-0.592-0.538-1.094-1.038-1.594 c-0.5-0.5-1.002-0.808-1.594-1.038c-0.572-0.222-1.227-0.375-2.185-0.418C14.751,3.01,14.444,3,12,3L12,3z M12,7.378 c-2.552,0-4.622,2.069-4.622,4.622S9.448,16.622,12,16.622s4.622-2.069,4.622-4.622S14.552,7.378,12,7.378z M12,15 c-1.657,0-3-1.343-3-3s1.343-3,3-3s3,1.343,3,3S13.657,15,12,15z M16.804,6.116c-0.596,0-1.08,0.484-1.08,1.08 s0.484,1.08,1.08,1.08c0.596,0,1.08-0.484,1.08-1.08S17.401,6.116,16.804,6.116z\"><\/path><\/svg><span class=\"wp-block-social-link-label screen-reader-text\">Instagram<\/span><\/a><\/li>\n\n<li style=\"color:currentColor\" class=\"wp-social-link wp-social-link-linkedin has-primary-color wp-block-social-link\"><a href=\"#\" class=\"wp-block-social-link-anchor\"><svg width=\"24\" height=\"24\" viewBox=\"0 0 24 24\" version=\"1.1\" xmlns=\"http:\/\/www.w3.org\/2000\/svg\" aria-hidden=\"true\" focusable=\"false\"><path d=\"M19.7,3H4.3C3.582,3,3,3.582,3,4.3v15.4C3,20.418,3.582,21,4.3,21h15.4c0.718,0,1.3-0.582,1.3-1.3V4.3 C21,3.582,20.418,3,19.7,3z M8.339,18.338H5.667v-8.59h2.672V18.338z M7.004,8.574c-0.857,0-1.549-0.694-1.549-1.548 c0-0.855,0.691-1.548,1.549-1.548c0.854,0,1.547,0.694,1.547,1.548C8.551,7.881,7.858,8.574,7.004,8.574z M18.339,18.338h-2.669 v-4.177c0-0.996-0.017-2.278-1.387-2.278c-1.389,0-1.601,1.086-1.601,2.206v4.249h-2.667v-8.59h2.559v1.174h0.037 c0.356-0.675,1.227-1.387,2.526-1.387c2.703,0,3.203,1.779,3.203,4.092V18.338z\"><\/path><\/svg><span class=\"wp-block-social-link-label screen-reader-text\">LinkedIn<\/span><\/a><\/li><\/ul>\n<\/div>\n\n\n\n<div class=\"wp-block-column is-style-default is-layout-flow wp-block-column-is-layout-flow\" style=\"border-style:none;border-width:0px;padding-top:0;padding-right:0;padding-bottom:0;padding-left:0\">\n<figure class=\"wp-block-image size-large\"><img loading=\"lazy\" decoding=\"async\" width=\"768\" height=\"1024\" src=\"https:\/\/terrana.com.br\/wp-content\/uploads\/2026\/07\/DSC09237-768x1024.jpg\" alt=\"\" class=\"wp-image-7223\" srcset=\"https:\/\/terrana.com.br\/wp-content\/uploads\/2026\/07\/DSC09237-768x1024.jpg 768w, https:\/\/terrana.com.br\/wp-content\/uploads\/2026\/07\/DSC09237-225x300.jpg 225w, https:\/\/terrana.com.br\/wp-content\/uploads\/2026\/07\/DSC09237.jpg 1704w\" sizes=\"auto, (max-width: 768px) 100vw, 768px\" \/><\/figure>\n\n\n\n<h3 class=\"wp-block-heading\">Gestantes<\/h3>\n\n\n\n<p class=\"wp-block-paragraph\">Ensaios para gestantes em ambiente de studio ou externas.<\/p>\n\n\n\n<p class=\"wp-block-paragraph\"><a href=\"https:\/\/terrana.com.br\/?p=2850\">Veja mais<\/a><\/p>\n<\/div>\n\n\n\n<div class=\"wp-block-column is-style-default is-layout-flow wp-block-column-is-layout-flow\" style=\"border-style:none;border-width:0px;padding-top:0;padding-right:0;padding-bottom:0;padding-left:0\">\n<figure class=\"wp-block-image size-large\"><img loading=\"lazy\" decoding=\"async\" width=\"1024\" height=\"683\" src=\"https:\/\/terrana.com.br\/wp-content\/uploads\/2019\/10\/IMG_1616-2-1024x683.jpg\" alt=\"\" class=\"wp-image-7160\" srcset=\"https:\/\/terrana.com.br\/wp-content\/uploads\/2019\/10\/IMG_1616-2-1024x683.jpg 1024w, https:\/\/terrana.com.br\/wp-content\/uploads\/2019\/10\/IMG_1616-2-300x200.jpg 300w, https:\/\/terrana.com.br\/wp-content\/uploads\/2019\/10\/IMG_1616-2-600x400.jpg 600w, https:\/\/terrana.com.br\/wp-content\/uploads\/2019\/10\/IMG_1616-2.jpg 1200w\" sizes=\"auto, (max-width: 1024px) 100vw, 1024px\" \/><\/figure>\n\n\n\n<h3 class=\"wp-block-heading\">Animais Selvagens no Brasil<\/h3>\n\n\n\n<p class=\"wp-block-paragraph\">Trabalho autoral de documenta\u00e7\u00e3o da fauna brasileira no bioma Cerrado.<\/p>\n\n\n\n<ul class=\"wp-block-social-links has-icon-color is-style-logos-only is-layout-flex wp-container-core-social-links-is-layout-3ccf88cc wp-block-social-links-is-layout-flex\"><li style=\"color:currentColor\" class=\"wp-social-link wp-social-link-instagram has-primary-color wp-block-social-link\"><a href=\"#\" class=\"wp-block-social-link-anchor\"><svg width=\"24\" height=\"24\" viewBox=\"0 0 24 24\" version=\"1.1\" xmlns=\"http:\/\/www.w3.org\/2000\/svg\" aria-hidden=\"true\" focusable=\"false\"><path d=\"M12,4.622c2.403,0,2.688,0.009,3.637,0.052c0.877,0.04,1.354,0.187,1.671,0.31c0.42,0.163,0.72,0.358,1.035,0.673 c0.315,0.315,0.51,0.615,0.673,1.035c0.123,0.317,0.27,0.794,0.31,1.671c0.043,0.949,0.052,1.234,0.052,3.637 s-0.009,2.688-0.052,3.637c-0.04,0.877-0.187,1.354-0.31,1.671c-0.163,0.42-0.358,0.72-0.673,1.035 c-0.315,0.315-0.615,0.51-1.035,0.673c-0.317,0.123-0.794,0.27-1.671,0.31c-0.949,0.043-1.233,0.052-3.637,0.052 s-2.688-0.009-3.637-0.052c-0.877-0.04-1.354-0.187-1.671-0.31c-0.42-0.163-0.72-0.358-1.035-0.673 c-0.315-0.315-0.51-0.615-0.673-1.035c-0.123-0.317-0.27-0.794-0.31-1.671C4.631,14.688,4.622,14.403,4.622,12 s0.009-2.688,0.052-3.637c0.04-0.877,0.187-1.354,0.31-1.671c0.163-0.42,0.358-0.72,0.673-1.035 c0.315-0.315,0.615-0.51,1.035-0.673c0.317-0.123,0.794-0.27,1.671-0.31C9.312,4.631,9.597,4.622,12,4.622 M12,3 C9.556,3,9.249,3.01,8.289,3.054C7.331,3.098,6.677,3.25,6.105,3.472C5.513,3.702,5.011,4.01,4.511,4.511 c-0.5,0.5-0.808,1.002-1.038,1.594C3.25,6.677,3.098,7.331,3.054,8.289C3.01,9.249,3,9.556,3,12c0,2.444,0.01,2.751,0.054,3.711 c0.044,0.958,0.196,1.612,0.418,2.185c0.23,0.592,0.538,1.094,1.038,1.594c0.5,0.5,1.002,0.808,1.594,1.038 c0.572,0.222,1.227,0.375,2.185,0.418C9.249,20.99,9.556,21,12,21s2.751-0.01,3.711-0.054c0.958-0.044,1.612-0.196,2.185-0.418 c0.592-0.23,1.094-0.538,1.594-1.038c0.5-0.5,0.808-1.002,1.038-1.594c0.222-0.572,0.375-1.227,0.418-2.185 C20.99,14.751,21,14.444,21,12s-0.01-2.751-0.054-3.711c-0.044-0.958-0.196-1.612-0.418-2.185c-0.23-0.592-0.538-1.094-1.038-1.594 c-0.5-0.5-1.002-0.808-1.594-1.038c-0.572-0.222-1.227-0.375-2.185-0.418C14.751,3.01,14.444,3,12,3L12,3z M12,7.378 c-2.552,0-4.622,2.069-4.622,4.622S9.448,16.622,12,16.622s4.622-2.069,4.622-4.622S14.552,7.378,12,7.378z M12,15 c-1.657,0-3-1.343-3-3s1.343-3,3-3s3,1.343,3,3S13.657,15,12,15z M16.804,6.116c-0.596,0-1.08,0.484-1.08,1.08 s0.484,1.08,1.08,1.08c0.596,0,1.08-0.484,1.08-1.08S17.401,6.116,16.804,6.116z\"><\/path><\/svg><span class=\"wp-block-social-link-label screen-reader-text\">Instagram<\/span><\/a><\/li>\n\n<li style=\"color:currentColor\" class=\"wp-social-link wp-social-link-linkedin has-primary-color wp-block-social-link\"><a href=\"#\" class=\"wp-block-social-link-anchor\"><svg width=\"24\" height=\"24\" viewBox=\"0 0 24 24\" version=\"1.1\" xmlns=\"http:\/\/www.w3.org\/2000\/svg\" aria-hidden=\"true\" focusable=\"false\"><path d=\"M19.7,3H4.3C3.582,3,3,3.582,3,4.3v15.4C3,20.418,3.582,21,4.3,21h15.4c0.718,0,1.3-0.582,1.3-1.3V4.3 C21,3.582,20.418,3,19.7,3z M8.339,18.338H5.667v-8.59h2.672V18.338z M7.004,8.574c-0.857,0-1.549-0.694-1.549-1.548 c0-0.855,0.691-1.548,1.549-1.548c0.854,0,1.547,0.694,1.547,1.548C8.551,7.881,7.858,8.574,7.004,8.574z M18.339,18.338h-2.669 v-4.177c0-0.996-0.017-2.278-1.387-2.278c-1.389,0-1.601,1.086-1.601,2.206v4.249h-2.667v-8.59h2.559v1.174h0.037 c0.356-0.675,1.227-1.387,2.526-1.387c2.703,0,3.203,1.779,3.203,4.092V18.338z\"><\/path><\/svg><span class=\"wp-block-social-link-label screen-reader-text\">LinkedIn<\/span><\/a><\/li><\/ul>\n<\/div>\n<\/div>\n\n\n\n<div style=\"height:63px\" aria-hidden=\"true\" class=\"wp-block-spacer\"><\/div>\n\n\n\n<div class=\"wp-block-buttons is-content-justification-center is-layout-flex wp-container-core-buttons-is-layout-d61d70aa wp-block-buttons-is-layout-flex\">\n<div class=\"wp-block-button is-style-outline is-style-outline--3\"><a class=\"wp-block-button__link wp-element-button\" href=\"#\" style=\"border-radius:0px;font-style:normal;font-weight:600\">PORTFOLIO<\/a><\/div>\n<\/div>\n\n\n\n<div style=\"height:81px\" aria-hidden=\"true\" class=\"wp-block-spacer\"><\/div>\n<\/div>\n<\/div>\n\n\n\n<div class=\"wp-block-cover alignfull has-parallax is-position-center-center\" style=\"border-radius:0px\"><div class=\"wp-block-cover__image-background wp-image-7162 size-full has-parallax\" style=\"background-position:50% 50%;background-image:url(https:\/\/terrana.com.br\/wp-content\/uploads\/2019\/10\/IMG_4968-2.jpg)\"><\/div><span aria-hidden=\"true\" class=\"wp-block-cover__background has-black-background-color has-background-dim-40 has-background-dim\"><\/span><div class=\"wp-block-cover__inner-container is-layout-flow wp-block-cover-is-layout-flow\">\n<div class=\"wp-block-group has-global-padding is-layout-constrained wp-block-group-is-layout-constrained\">\n<h3 class=\"wp-block-heading has-text-align-center has-text-color has-medium-font-size\" style=\"color:#fffffa;text-transform:uppercase\">Projeto fotogr\u00e1fico 101 animais no cerrado<\/h3>\n\n\n\n<div style=\"height:32px\" aria-hidden=\"true\" class=\"wp-block-spacer\"><\/div>\n\n\n\n<p class=\"has-text-align-center has-white-color has-text-color wp-block-paragraph\">A fotografia como instrumento de educa\u00e7\u00e3o ambiental.<\/p>\n\n\n\n<div style=\"height:31px\" aria-hidden=\"true\" class=\"wp-block-spacer\"><\/div>\n\n\n\n<div class=\"wp-block-buttons is-horizontal is-content-justification-center is-layout-flex wp-container-core-buttons-is-layout-a9e21a43 wp-block-buttons-is-layout-flex\">\n<div class=\"wp-block-button is-style-outline is-style-outline--4\"><a class=\"wp-block-button__link has-white-color has-text-color wp-element-button\" href=\"#\" style=\"border-radius:0px;font-style:normal;font-weight:600\">SAIBA MAIS<\/a><\/div>\n<\/div>\n<\/div>\n<\/div><\/div>\n\n\n\n<div id=\"news\" class=\"wp-block-group has-global-padding is-layout-constrained wp-container-core-group-is-layout-bc4c3831 wp-block-group-is-layout-constrained\" style=\"padding-right:var(--wp--preset--spacing--small);padding-left:var(--wp--preset--spacing--small)\">\n<p class=\"has-text-align-left has-secondary-color has-text-color wp-block-paragraph\">FROM THE BLOG<\/p>\n\n\n\n<h2 class=\"wp-block-heading has-text-align-left\">Latest News<\/h2>\n\n\n\n<div style=\"height:33px\" aria-hidden=\"true\" class=\"wp-block-spacer\"><\/div>\n\n\n\n<div class=\"wp-block-query is-layout-flow wp-block-query-is-layout-flow\"><ul class=\"columns-3 wp-block-post-template is-layout-grid wp-container-core-post-template-is-layout-26907f6f wp-block-post-template-is-layout-grid\"><li class=\"wp-block-post post-7415 post type-post status-publish format-standard has-post-thumbnail hentry category-general\">\n<figure style=\"margin-bottom:var(--wp--preset--spacing--small);margin-top:0\" class=\"wp-block-post-featured-image\"><a href=\"https:\/\/terrana.com.br\/?p=7415\" target=\"_self\" ><img loading=\"lazy\" decoding=\"async\" width=\"640\" height=\"480\" src=\"https:\/\/terrana.com.br\/wp-content\/uploads\/2026\/07\/melissa0074.jpg\" class=\"attachment-post-thumbnail size-post-thumbnail wp-post-image\" alt=\"Projeto Guardi\u00e3s das Nascentes\" style=\"border-top-left-radius:0px;border-top-right-radius:0px;border-bottom-left-radius:0px;border-bottom-right-radius:0px;border-style:none;border-width:0px;height:240px;width:100%;object-fit:contain;\" srcset=\"https:\/\/terrana.com.br\/wp-content\/uploads\/2026\/07\/melissa0074.jpg 640w, https:\/\/terrana.com.br\/wp-content\/uploads\/2026\/07\/melissa0074-300x225.jpg 300w, https:\/\/terrana.com.br\/wp-content\/uploads\/2026\/07\/melissa0074-600x450.jpg 600w\" sizes=\"auto, 100vw\" \/><\/a><\/figure>\n\n<div style=\"margin-top:var(--wp--preset--spacing--x-small);margin-bottom:0\" class=\"has-link-color wp-elements-6 wp-block-post-date has-text-color has-tertiary-color\"><time datetime=\"2026-08-05T10:25:17-03:00\">5 de agosto de 2026<\/time><\/div>\n\n<h3 style=\"margin-top:0;margin-bottom:var(--wp--preset--spacing--x-small)\" class=\"has-link-color wp-elements-7 wp-block-post-title\"><a href=\"https:\/\/terrana.com.br\/?p=7415\" target=\"_self\" >Projeto Guardi\u00e3s das Nascentes<\/a><\/h3>\n\n<div class=\"has-link-color wp-elements-8 wp-block-post-excerpt has-text-color has-tertiary-color\"><p class=\"wp-block-post-excerpt__excerpt\">Guardi\u00e3s das Nascentes \u00e9 um projeto fotogr\u00e1fico investigativo que relaciona a imagem da mulher \u00e0 ideia de preserva\u00e7\u00e3o ambiental. As personagens nos alertam para a situa\u00e7\u00e3o cr\u00edtica do Bioma Cerrado e de suas nascentes, impactados principalmente pelo avan\u00e7o&hellip; <\/p><\/div>\n\n<a style=\"font-style:normal;font-weight:500;text-transform:uppercase;letter-spacing:1px;border-width:2px;padding-right:var(--wp--preset--spacing--x-small);padding-left:var(--wp--preset--spacing--x-small);padding-top:10px;padding-bottom:10px\" class=\"wp-block-read-more has-text-color has-foreground-color has-x-small-font-size\" href=\"https:\/\/terrana.com.br\/?p=7415\" target=\"_self\">Leia mais<span class=\"screen-reader-text\">: Projeto Guardi\u00e3s das Nascentes<\/span><\/a>\n<\/li><li class=\"wp-block-post post-7224 post type-post status-publish format-standard hentry category-retratos\">\n\n\n<div style=\"margin-top:var(--wp--preset--spacing--x-small);margin-bottom:0\" class=\"has-link-color wp-elements-9 wp-block-post-date has-text-color has-tertiary-color\"><time datetime=\"2026-07-31T15:59:17-03:00\">31 de julho de 2026<\/time><\/div>\n\n<h3 style=\"margin-top:0;margin-bottom:var(--wp--preset--spacing--x-small)\" class=\"has-link-color wp-elements-10 wp-block-post-title\"><a href=\"https:\/\/terrana.com.br\/?p=7224\" target=\"_self\" >Projeto Crespas e Cacheadas<\/a><\/h3>\n\n<div class=\"has-link-color wp-elements-11 wp-block-post-excerpt has-text-color has-tertiary-color\"><p class=\"wp-block-post-excerpt__excerpt\">O projeto Crespas e Cacheadas nasceu h\u00e1 mais de 10 anos com a ideia da professora Regina Cotrin, que me convidou para fazer parte na parte da fotografia. O projeto consiste em fazer ensaios fotogr\u00e1ficos nas escolas de&hellip; <\/p><\/div>\n\n<a style=\"font-style:normal;font-weight:500;text-transform:uppercase;letter-spacing:1px;border-width:2px;padding-right:var(--wp--preset--spacing--x-small);padding-left:var(--wp--preset--spacing--x-small);padding-top:10px;padding-bottom:10px\" class=\"wp-block-read-more has-text-color has-foreground-color has-x-small-font-size\" href=\"https:\/\/terrana.com.br\/?p=7224\" target=\"_self\">Leia mais<span class=\"screen-reader-text\">: Projeto Crespas e Cacheadas<\/span><\/a>\n<\/li><li class=\"wp-block-post post-5984 post type-post status-publish format-standard has-post-thumbnail hentry category-retratos\">\n<figure style=\"margin-bottom:var(--wp--preset--spacing--small);margin-top:0\" class=\"wp-block-post-featured-image\"><a href=\"https:\/\/terrana.com.br\/?p=5984\" target=\"_self\" ><img loading=\"lazy\" decoding=\"async\" width=\"1200\" height=\"451\" src=\"https:\/\/terrana.com.br\/wp-content\/uploads\/2019\/11\/MG_2155-3.jpg\" class=\"attachment-post-thumbnail size-post-thumbnail wp-post-image\" alt=\"Books para modelos e ag\u00eancias na era anal\u00f3gica.\" style=\"border-top-left-radius:0px;border-top-right-radius:0px;border-bottom-left-radius:0px;border-bottom-right-radius:0px;border-style:none;border-width:0px;height:240px;width:100%;object-fit:contain;\" srcset=\"https:\/\/terrana.com.br\/wp-content\/uploads\/2019\/11\/MG_2155-3.jpg 1200w, https:\/\/terrana.com.br\/wp-content\/uploads\/2019\/11\/MG_2155-3-300x113.jpg 300w, https:\/\/terrana.com.br\/wp-content\/uploads\/2019\/11\/MG_2155-3-1024x385.jpg 1024w, https:\/\/terrana.com.br\/wp-content\/uploads\/2019\/11\/MG_2155-3-600x226.jpg 600w\" sizes=\"auto, 100vw\" \/><\/a><\/figure>\n\n<div style=\"margin-top:var(--wp--preset--spacing--x-small);margin-bottom:0\" class=\"has-link-color wp-elements-12 wp-block-post-date has-text-color has-tertiary-color\"><time datetime=\"2019-11-09T11:48:29-03:00\">9 de novembro de 2019<\/time><\/div>\n\n<h3 style=\"margin-top:0;margin-bottom:var(--wp--preset--spacing--x-small)\" class=\"has-link-color wp-elements-13 wp-block-post-title\"><a href=\"https:\/\/terrana.com.br\/?p=5984\" target=\"_self\" >Books para modelos e ag\u00eancias na era anal\u00f3gica.<\/a><\/h3>\n\n<div class=\"has-link-color wp-elements-14 wp-block-post-excerpt has-text-color has-tertiary-color\"><p class=\"wp-block-post-excerpt__excerpt\">Na era da fotografia anal\u00f3gica, os books em preto e branco eram o padr\u00e3o absoluto das ag\u00eancias por destacar a estrutura \u00f3ssea, a textura da pele e a expressividade do modelo sem a distra\u00e7\u00e3o das cores. A escolha&hellip; <\/p><\/div>\n\n<a style=\"font-style:normal;font-weight:500;text-transform:uppercase;letter-spacing:1px;border-width:2px;padding-right:var(--wp--preset--spacing--x-small);padding-left:var(--wp--preset--spacing--x-small);padding-top:10px;padding-bottom:10px\" class=\"wp-block-read-more has-text-color has-foreground-color has-x-small-font-size\" href=\"https:\/\/terrana.com.br\/?p=5984\" target=\"_self\">Leia mais<span class=\"screen-reader-text\">: Books para modelos e ag\u00eancias na era anal\u00f3gica.<\/span><\/a>\n<\/li><\/ul>\n\n<\/div>\n\n\n\n<div style=\"height:85px\" aria-hidden=\"true\" class=\"wp-block-spacer\"><\/div>\n<\/div>\n","protected":false},"excerpt":{"rendered":"<p>Fotografia | Arte | Criatividade | Jornal\u00edstico Sobre mim Iniciei meus trabalhos como fot\u00f3grafo em 1973, S\u00e3o Paulo, num curso de Artes Pl\u00e1sticas na Funda\u00e7\u00e3o Armando \u00c1lvares Penteado FAAP. A primeira escola onde lecionei fotografia foi a FOCA. Tempos de laborat\u00f3rio fotogr\u00e1fico&#8230; Tempos da UPIS As aulas na Faculdade de Fotografia da UPIS foram muito &hellip; <\/p>\n<p class=\"link-more\"><a href=\"https:\/\/terrana.com.br\/\" class=\"more-link\">Leia mais<span class=\"screen-reader-text\"> &#8220;Homepage&#8221;<\/span><\/a><\/p>\n","protected":false},"author":1,"featured_media":0,"parent":0,"menu_order":0,"comment_status":"closed","ping_status":"closed","template":"page-templates\/full-width-transparent.php","meta":{"ngg_post_thumbnail":0,"inspiro_hide_title":false,"inspiro_hide_featured_image":false,"_joinchat":[],"footnotes":""},"class_list":["post-6922","page","type-page","status-publish","hentry"],"featured_media_urls":[],"_links":{"self":[{"href":"https:\/\/terrana.com.br\/index.php?rest_route=\/wp\/v2\/pages\/6922","targetHints":{"allow":["GET"]}}],"collection":[{"href":"https:\/\/terrana.com.br\/index.php?rest_route=\/wp\/v2\/pages"}],"about":[{"href":"https:\/\/terrana.com.br\/index.php?rest_route=\/wp\/v2\/types\/page"}],"author":[{"embeddable":true,"href":"https:\/\/terrana.com.br\/index.php?rest_route=\/wp\/v2\/users\/1"}],"replies":[{"embeddable":true,"href":"https:\/\/terrana.com.br\/index.php?rest_route=%2Fwp%2Fv2%2Fcomments&post=6922"}],"version-history":[{"count":57,"href":"https:\/\/terrana.com.br\/index.php?rest_route=\/wp\/v2\/pages\/6922\/revisions"}],"predecessor-version":[{"id":7796,"href":"https:\/\/terrana.com.br\/index.php?rest_route=\/wp\/v2\/pages\/6922\/revisions\/7796"}],"wp:attachment":[{"href":"https:\/\/terrana.com.br\/index.php?rest_route=%2Fwp%2Fv2%2Fmedia&parent=6922"}],"curies":[{"name":"wp","href":"https:\/\/api.w.org\/{rel}","templated":true}]}}