{"id":5592,"date":"2016-12-05T09:17:34","date_gmt":"2016-12-05T09:17:34","guid":{"rendered":"https:\/\/demo.wpzoom.com\/inspiro\/?page_id=5592"},"modified":"2026-08-19T09:31:18","modified_gmt":"2026-08-19T12:31:18","slug":"about","status":"publish","type":"page","link":"https:\/\/terrana.com.br\/?page_id=5592","title":{"rendered":"Sobre mim"},"content":{"rendered":"\n<p class=\"wp-block-paragraph\"><\/p>\n\n\n\n<div class=\"wp-block-group has-global-padding is-layout-constrained wp-container-core-group-is-layout-bc4c3831 wp-block-group-is-layout-constrained\" style=\"padding-right:var(--wp--preset--spacing--small);padding-left:var(--wp--preset--spacing--small)\">\n<h2 id=\"inspiro-is-a-digital-product-agency-that-focuses-on-strategy-and-design\" class=\"wp-block-heading has-large-font-size\" style=\"font-style:normal;font-weight:100\">Nasci em S\u00e3o Paulo<\/h2>\n\n\n\n<p class=\"wp-block-paragraph\"><\/p>\n\n\n\n<p class=\"wp-block-paragraph\"><strong>David Pennington, Urlik Brun e Fausto Pires do Campos<\/strong><\/p>\n\n\n\n<p class=\"has-text-align-left alignwide wp-block-paragraph\">Vou explicar por que essas tr\u00eas pessoas foram t\u00e3o importantes na minha forma\u00e7\u00e3o fotogr\u00e1fica.<\/p>\n\n\n\n<p class=\"wp-block-paragraph\">Nasci em S\u00e3o Paulo, capital, e passei minha inf\u00e2ncia em um ambiente totalmente urbano. Somente durante as f\u00e9rias escolares eu tinha a oportunidade de entrar em contato com a natureza. Talvez essa experi\u00eancia tenha contribu\u00eddo, mais tarde, para o interesse que desenvolvi pela fotografia de natureza e pelo meio ambiente.<\/p>\n\n\n\n<p class=\"wp-block-paragraph\">Possuo p\u00f3s-gradua\u00e7\u00e3o em Artes Visuais, Cultura e Cria\u00e7\u00e3o pelo Servi\u00e7o Nacional de Aprendizagem Comercial (SENAC-DF), conclu\u00edda em 2013. Atualmente, trabalho em meu est\u00fadio, o <em>Photogenic Arts<\/em>. Tenho experi\u00eancia na \u00e1rea de Artes Visuais, com \u00eanfase em Fotografia, atuando principalmente nos seguintes temas: meio ambiente, retratos e ensaios autorais.<\/p>\n\n\n\n<p class=\"wp-block-paragraph\">Fiz o curso de Artes Pl\u00e1sticas na Funda\u00e7\u00e3o Armando \u00c1lvares Penteado (FAAP), onde tive meu primeiro contato com o mundo da fotografia. L\u00e1 havia professores e um laborat\u00f3rio fotogr\u00e1fico onde aprend\u00edamos a revelar filmes e fazer c\u00f3pias em preto e branco.<\/p>\n\n\n\n<p class=\"wp-block-paragraph\">Em seguida, fiz um curso de Artes no IADE \u2014 Instituto de Arte e Decora\u00e7\u00e3o. Havia, naturalmente, aulas de fotografia. Naquela \u00e9poca, a literatura dispon\u00edvel sobre o assunto era basicamente estrangeira. Livros e revistas importados eram nossa principal fonte de conhecimento.<\/p>\n\n\n\n<p class=\"wp-block-paragraph\">Lembro-me de ter feito um investimento consider\u00e1vel na cole\u00e7\u00e3o da <em>Time-Life<\/em> sobre fotografia. Como grande parte do material estava em ingl\u00eas, tive que aprender uma esp\u00e9cie de &#8220;ingl\u00eas de sobreviv\u00eancia&#8221; para conseguir estudar fotografia. Na pr\u00e1tica, a l\u00edngua deixou de ser uma barreira e passou a fazer parte do pr\u00f3prio processo de aprendizado.<\/p>\n\n\n\n<p class=\"wp-block-paragraph\">Foi nesse per\u00edodo que comecei a perceber que aprender fotografia n\u00e3o significava apenas dominar uma c\u00e2mera. Era necess\u00e1rio buscar refer\u00eancias, observar o trabalho de outros fot\u00f3grafos, compreender a hist\u00f3ria da imagem e, principalmente, desenvolver um olhar pr\u00f3prio.<\/p>\n\n\n\n<figure class=\"wp-block-image size-full is-resized\"><img loading=\"lazy\" decoding=\"async\" width=\"800\" height=\"1200\" src=\"https:\/\/terrana.com.br\/wp-content\/uploads\/2026\/08\/MG_9600-copy-Copia.jpg\" alt=\"\" class=\"wp-image-7324\" style=\"width:347px;height:auto\" srcset=\"https:\/\/terrana.com.br\/wp-content\/uploads\/2026\/08\/MG_9600-copy-Copia.jpg 800w, https:\/\/terrana.com.br\/wp-content\/uploads\/2026\/08\/MG_9600-copy-Copia-200x300.jpg 200w, https:\/\/terrana.com.br\/wp-content\/uploads\/2026\/08\/MG_9600-copy-Copia-683x1024.jpg 683w\" sizes=\"auto, (max-width: 800px) 100vw, 800px\" \/><figcaption class=\"wp-element-caption\">Eu no alto das Prateleiras, no Parque Nacional de Itatiaia, usando uma <a href=\"https:\/\/www.reddit.com\/r\/mediumformat\/comments\/1ks8bl5\/finally_bought_my_dream_camera_hasselblad_500cm\/?tl=pt-br\">Hasselblad 500CM <\/a>e um fot\u00f4metro <a href=\"https:\/\/i.etsystatic.com\/8924282\/r\/il\/32d68f\/4467903623\/il_1080xN.4467903623_1vl3.jpg\">Lunasix<\/a> foto captada por Raquel Milano, ge\u00f3grafa, companheira e fot\u00f3grafa tamb\u00e9m.<\/figcaption><\/figure>\n\n\n\n<p class=\"wp-block-paragraph\"><\/p>\n\n\n\n<p class=\"wp-block-paragraph\">Depois veio a fase da Escola de Fotografia FOCA \u2014 Fotografia, Comunica\u00e7\u00e3o e Arte. A escola funcionava em um sobrado pr\u00f3ximo \u00e0 Avenida Paulista, onde tr\u00eas professores do IADE e da FAAP \u2014 David Pennington, Urlik Brun e Fausto Pires do Campos \u2014 se reuniram para transformar em realidade a ideia de criar um espa\u00e7o dedicado ao ensino da fotografia.<\/p>\n\n\n\n<p class=\"wp-block-paragraph\">Havia um laborat\u00f3rio para revela\u00e7\u00e3o de filmes em preto e branco, outro destinado \u00e0 amplia\u00e7\u00e3o e \u00e0s c\u00f3pias em papel fotogr\u00e1fico e um est\u00fadio montado na garagem da casa. A fachada foi pintada com imagens de diversos filmes fotogr\u00e1ficos, dando ao lugar uma identidade pr\u00f3pria e tornando-o facilmente reconhec\u00edvel.<\/p>\n\n\n\n<p class=\"wp-block-paragraph\">Foi ali que comecei a ministrar aulas de fotografia b\u00e1sica. Paralelamente ao ensino, realizava diversos experimentos no laborat\u00f3rio, explorando t\u00e9cnicas como as viragens qu\u00edmicas. Tamb\u00e9m participei ativamente de exposi\u00e7\u00f5es coletivas de arte e realizei algumas exposi\u00e7\u00f5es individuais.<\/p>\n\n\n\n<p class=\"wp-block-paragraph\">Nunca gostei de fotografar o ambiente urbano de S\u00e3o Paulo. Por isso, comecei a fazer in\u00fameras viagens pelas praias do litoral entre S\u00e3o Paulo e o Rio de Janeiro. Fotografava principalmente em preto e branco, utilizando uma c\u00e2mera de 35 mm.<\/p>\n\n\n\n<p class=\"wp-block-paragraph\">Minha primeira c\u00e2mera mais profissional foi uma Asahi Pentax SP500, companheira de muitas dessas viagens e respons\u00e1vel por registrar o in\u00edcio de uma fase em que a paisagem e a natureza passaram a ocupar um lugar central no meu olhar fotogr\u00e1fico.<\/p>\n\n\n\n<figure class=\"wp-block-image size-large is-resized\"><img loading=\"lazy\" decoding=\"async\" width=\"666\" height=\"1024\" src=\"https:\/\/terrana.com.br\/wp-content\/uploads\/2026\/08\/IMG_6795-666x1024.jpg\" alt=\"\" class=\"wp-image-7413\" style=\"width:438px;height:auto\" srcset=\"https:\/\/terrana.com.br\/wp-content\/uploads\/2026\/08\/IMG_6795-666x1024.jpg 666w, https:\/\/terrana.com.br\/wp-content\/uploads\/2026\/08\/IMG_6795-195x300.jpg 195w, https:\/\/terrana.com.br\/wp-content\/uploads\/2026\/08\/IMG_6795.jpg 780w\" sizes=\"auto, (max-width: 666px) 100vw, 666px\" \/><figcaption class=\"wp-element-caption\">Auto-retrato na praia de Picinguaba litoral \/ S\u00e3o Paulo. 1977 viajando com a Honda CB 350 segurando o fot\u00f4metro Lunasix na m\u00e3o.<\/figcaption><\/figure>\n\n\n\n<p class=\"wp-block-paragraph\">Comecei ent\u00e3o a fazer constantes viagens pelo litoral entre S\u00e3o Paulo e o Rio de Janeiro, o que acabou resultando em uma das minhas primeiras exposi\u00e7\u00f5es individuais, realizada em Paraty, no Rio de Janeiro, intitulada <strong>\u201cLITORAL\u201d<\/strong>.<\/p>\n\n\n\n<p class=\"wp-block-paragraph\">A exposi\u00e7\u00e3o reunia fotografias que documentavam as belezas das praias e, ao mesmo tempo, registravam um momento de transforma\u00e7\u00e3o daquela regi\u00e3o. Na \u00e9poca, estava sendo aberta a estrada litor\u00e2nea que ligaria os dois estados, dando in\u00edcio a um processo de ocupa\u00e7\u00e3o e transforma\u00e7\u00e3o da faixa costeira.<\/p>\n\n\n\n<p class=\"wp-block-paragraph\">Sem que eu tivesse plena consci\u00eancia disso naquele momento, minhas fotografias acabaram registrando n\u00e3o apenas a paisagem, mas tamb\u00e9m o in\u00edcio de uma nova rela\u00e7\u00e3o do homem com aquele territ\u00f3rio. Era o come\u00e7o de um olhar que, mais tarde, se tornaria cada vez mais presente no meu trabalho: fotografar a natureza, mas tamb\u00e9m observar e documentar as transforma\u00e7\u00f5es provocadas pela presen\u00e7a humana.<\/p>\n\n\n\n<hr class=\"wp-block-separator has-alpha-channel-opacity\"\/>\n\n\n\n<p class=\"has-large-font-size wp-block-paragraph\">Algumas exposi\u00e7\u00f5es coletivas e individuais.<\/p>\n\n\n\n<p class=\"has-large-font-size wp-block-paragraph\">Animais do Cerrado. 2007.<\/p>\n\n\n\n<figure class=\"wp-block-image size-large is-resized\"><img loading=\"lazy\" decoding=\"async\" width=\"1024\" height=\"683\" src=\"https:\/\/terrana.com.br\/wp-content\/uploads\/2026\/08\/EUSEGURANDO-BESOUROS-1024x683.jpg\" alt=\"\" class=\"wp-image-7330\" style=\"width:401px;height:auto\" srcset=\"https:\/\/terrana.com.br\/wp-content\/uploads\/2026\/08\/EUSEGURANDO-BESOUROS-1024x683.jpg 1024w, https:\/\/terrana.com.br\/wp-content\/uploads\/2026\/08\/EUSEGURANDO-BESOUROS-300x200.jpg 300w, https:\/\/terrana.com.br\/wp-content\/uploads\/2026\/08\/EUSEGURANDO-BESOUROS-600x400.jpg 600w, https:\/\/terrana.com.br\/wp-content\/uploads\/2026\/08\/EUSEGURANDO-BESOUROS.jpg 1200w\" sizes=\"auto, (max-width: 1024px) 100vw, 1024px\" \/><\/figure>\n\n\n\n<p class=\"wp-block-paragraph\"><\/p>\n\n\n\n<p class=\"has-large-font-size wp-block-paragraph\">Semana do meio ambiente 2007.<\/p>\n\n\n\n<p class=\"wp-block-paragraph\">Exposi\u00e7\u00e3o Coletiva.<\/p>\n\n\n\n<p class=\"wp-block-paragraph\"><\/p>\n\n\n\n<hr class=\"wp-block-separator has-alpha-channel-opacity\"\/>\n\n\n\n<p class=\"wp-block-paragraph\"><\/p>\n\n\n\n<p class=\"has-large-font-size wp-block-paragraph\">Semana do meio ambiente 2006..<\/p>\n\n\n\n<p class=\"wp-block-paragraph\"><\/p>\n\n\n\n<hr class=\"wp-block-separator has-alpha-channel-opacity\"\/>\n\n\n\n<p class=\"wp-block-paragraph\"><\/p>\n\n\n\n<p class=\"has-large-font-size wp-block-paragraph\">As Guardi\u00e3s das Nascentes. 2004.<\/p>\n\n\n\n<p class=\"wp-block-paragraph\">Exposi\u00e7\u00e3o individual.<\/p>\n\n\n\n<figure class=\"wp-block-image size-full\"><img loading=\"lazy\" decoding=\"async\" width=\"650\" height=\"449\" src=\"https:\/\/terrana.com.br\/wp-content\/uploads\/2026\/07\/IMG_1675.jpg\" alt=\"\" class=\"wp-image-7011\" srcset=\"https:\/\/terrana.com.br\/wp-content\/uploads\/2026\/07\/IMG_1675.jpg 650w, https:\/\/terrana.com.br\/wp-content\/uploads\/2026\/07\/IMG_1675-300x207.jpg 300w\" sizes=\"auto, (max-width: 650px) 100vw, 650px\" \/><\/figure>\n\n\n\n<p class=\"has-large-font-size wp-block-paragraph\">As Guardi\u00e3s das Nascentes. 2003.<\/p>\n\n\n\n<p class=\"wp-block-paragraph\">Exposi\u00e7\u00e3o individual.<\/p>\n\n\n\n<figure class=\"wp-block-image size-full\"><img loading=\"lazy\" decoding=\"async\" width=\"480\" height=\"640\" src=\"https:\/\/terrana.com.br\/wp-content\/uploads\/2026\/07\/melissa0067.jpg\" alt=\"\" class=\"wp-image-7118\" srcset=\"https:\/\/terrana.com.br\/wp-content\/uploads\/2026\/07\/melissa0067.jpg 480w, https:\/\/terrana.com.br\/wp-content\/uploads\/2026\/07\/melissa0067-225x300.jpg 225w\" sizes=\"auto, (max-width: 480px) 100vw, 480px\" \/><\/figure>\n\n\n\n<hr class=\"wp-block-separator has-alpha-channel-opacity\"\/>\n\n\n\n<p class=\"has-large-font-size wp-block-paragraph\"><strong>Espeleofotos. 1983.<\/strong><\/p>\n\n\n\n<p class=\"wp-block-paragraph\">Exposi\u00e7\u00e3o individual Bras\u00edlia.<\/p>\n\n\n\n<figure class=\"wp-block-image size-large is-resized\"><img loading=\"lazy\" decoding=\"async\" width=\"683\" height=\"1024\" src=\"https:\/\/terrana.com.br\/wp-content\/uploads\/2026\/08\/MG_9913-683x1024.jpg\" alt=\"\" class=\"wp-image-7297\" style=\"aspect-ratio:0.6669995007488767;width:352px;height:auto\" srcset=\"https:\/\/terrana.com.br\/wp-content\/uploads\/2026\/08\/MG_9913-683x1024.jpg 683w, https:\/\/terrana.com.br\/wp-content\/uploads\/2026\/08\/MG_9913-200x300.jpg 200w, https:\/\/terrana.com.br\/wp-content\/uploads\/2026\/08\/MG_9913.jpg 800w\" sizes=\"auto, (max-width: 683px) 100vw, 683px\" \/><\/figure>\n\n\n\n<figure class=\"wp-block-image size-large is-resized\"><img loading=\"lazy\" decoding=\"async\" width=\"1024\" height=\"708\" src=\"https:\/\/terrana.com.br\/wp-content\/uploads\/2026\/08\/MG_9915-1024x708.jpg\" alt=\"\" class=\"wp-image-7296\" style=\"width:349px;height:auto\" srcset=\"https:\/\/terrana.com.br\/wp-content\/uploads\/2026\/08\/MG_9915-1024x708.jpg 1024w, https:\/\/terrana.com.br\/wp-content\/uploads\/2026\/08\/MG_9915-300x208.jpg 300w, https:\/\/terrana.com.br\/wp-content\/uploads\/2026\/08\/MG_9915.jpg 1200w\" sizes=\"auto, (max-width: 1024px) 100vw, 1024px\" \/><\/figure>\n\n\n\n<hr class=\"wp-block-separator has-alpha-channel-opacity\"\/>\n\n\n\n<p class=\"has-large-font-size wp-block-paragraph\"><strong>Litoral. 1979.<\/strong><\/p>\n\n\n\n<p class=\"wp-block-paragraph\">Exposi\u00e7\u00e3 individual.<\/p>\n\n\n\n<hr class=\"wp-block-separator has-alpha-channel-opacity\"\/>\n\n\n\n<p class=\"has-large-font-size wp-block-paragraph\"><strong>Demasiado Humano &#8211; Fotografias da Cole\u00e7\u00e3o Joaquim Paiva. 2006.<\/strong><\/p>\n\n\n\n<figure class=\"wp-block-image size-large is-resized\"><img loading=\"lazy\" decoding=\"async\" width=\"683\" height=\"1024\" src=\"https:\/\/terrana.com.br\/wp-content\/uploads\/2026\/08\/IMG_9961-683x1024.jpg\" alt=\"\" class=\"wp-image-7300\" style=\"width:278px;height:auto\" srcset=\"https:\/\/terrana.com.br\/wp-content\/uploads\/2026\/08\/IMG_9961-683x1024.jpg 683w, https:\/\/terrana.com.br\/wp-content\/uploads\/2026\/08\/IMG_9961-200x300.jpg 200w, https:\/\/terrana.com.br\/wp-content\/uploads\/2026\/08\/IMG_9961.jpg 800w\" sizes=\"auto, (max-width: 683px) 100vw, 683px\" \/><\/figure>\n\n\n\n<figure class=\"wp-block-image size-large is-resized\"><img loading=\"lazy\" decoding=\"async\" width=\"683\" height=\"1024\" src=\"https:\/\/terrana.com.br\/wp-content\/uploads\/2026\/08\/IMG_9963-683x1024.jpg\" alt=\"\" class=\"wp-image-7302\" style=\"aspect-ratio:0.6670043246191608;width:278px;height:auto\" srcset=\"https:\/\/terrana.com.br\/wp-content\/uploads\/2026\/08\/IMG_9963-683x1024.jpg 683w, https:\/\/terrana.com.br\/wp-content\/uploads\/2026\/08\/IMG_9963-200x300.jpg 200w, https:\/\/terrana.com.br\/wp-content\/uploads\/2026\/08\/IMG_9963.jpg 800w\" sizes=\"auto, (max-width: 683px) 100vw, 683px\" \/><\/figure>\n\n\n\n<figure class=\"wp-block-image size-large is-resized\"><img loading=\"lazy\" decoding=\"async\" width=\"683\" height=\"1024\" src=\"https:\/\/terrana.com.br\/wp-content\/uploads\/2026\/08\/IMG_9962-683x1024.jpg\" alt=\"\" class=\"wp-image-7301\" style=\"aspect-ratio:0.6670001667500417;width:272px;height:auto\" srcset=\"https:\/\/terrana.com.br\/wp-content\/uploads\/2026\/08\/IMG_9962-683x1024.jpg 683w, https:\/\/terrana.com.br\/wp-content\/uploads\/2026\/08\/IMG_9962-200x300.jpg 200w, https:\/\/terrana.com.br\/wp-content\/uploads\/2026\/08\/IMG_9962.jpg 800w\" sizes=\"auto, (max-width: 683px) 100vw, 683px\" \/><\/figure>\n\n\n\n<figure class=\"wp-block-image size-large is-resized\"><img loading=\"lazy\" decoding=\"async\" width=\"696\" height=\"1024\" src=\"https:\/\/terrana.com.br\/wp-content\/uploads\/2026\/08\/IMG_9964-696x1024.jpg\" alt=\"\" class=\"wp-image-7308\" style=\"width:253px;height:auto\" srcset=\"https:\/\/terrana.com.br\/wp-content\/uploads\/2026\/08\/IMG_9964-696x1024.jpg 696w, https:\/\/terrana.com.br\/wp-content\/uploads\/2026\/08\/IMG_9964-204x300.jpg 204w, https:\/\/terrana.com.br\/wp-content\/uploads\/2026\/08\/IMG_9964.jpg 816w\" sizes=\"auto, (max-width: 696px) 100vw, 696px\" \/><\/figure>\n\n\n\n<figure class=\"wp-block-image size-large is-resized\"><img loading=\"lazy\" decoding=\"async\" width=\"1024\" height=\"683\" src=\"https:\/\/terrana.com.br\/wp-content\/uploads\/2026\/08\/IMG_9965-1024x683.jpg\" alt=\"\" class=\"wp-image-7309\" style=\"width:323px;height:auto\" srcset=\"https:\/\/terrana.com.br\/wp-content\/uploads\/2026\/08\/IMG_9965-1024x683.jpg 1024w, https:\/\/terrana.com.br\/wp-content\/uploads\/2026\/08\/IMG_9965-300x200.jpg 300w, https:\/\/terrana.com.br\/wp-content\/uploads\/2026\/08\/IMG_9965-600x400.jpg 600w, https:\/\/terrana.com.br\/wp-content\/uploads\/2026\/08\/IMG_9965.jpg 1200w\" sizes=\"auto, (max-width: 1024px) 100vw, 1024px\" \/><\/figure>\n\n\n\n<p class=\"has-large-font-size wp-block-paragraph\"><strong>Bras\u00edlia uma cidade em Constru\u00e7\u00e3o. 2006.<\/strong><\/p>\n\n\n\n<p class=\"wp-block-paragraph\"><\/p>\n\n\n\n<p class=\"has-large-font-size wp-block-paragraph\">Pela pr\u00f3pria NATUREZA.1983.<\/p>\n\n\n\n<p class=\"wp-block-paragraph\">Exposi\u00e7\u00e3o individual.<\/p>\n\n\n\n<p class=\"wp-block-paragraph\"><\/p>\n\n\n\n<p class=\"has-large-font-size wp-block-paragraph\">Semana do Meio Ambiente. 1992.<\/p>\n\n\n\n<p class=\"wp-block-paragraph\">Exposi\u00e7\u00e3o coletiva.<\/p>\n\n\n\n<figure class=\"wp-block-image size-large is-resized\"><img loading=\"lazy\" decoding=\"async\" width=\"1024\" height=\"683\" src=\"https:\/\/terrana.com.br\/wp-content\/uploads\/2026\/08\/IMG_9957-1024x683.jpg\" alt=\"\" class=\"wp-image-7334\" style=\"width:537px;height:auto\" srcset=\"https:\/\/terrana.com.br\/wp-content\/uploads\/2026\/08\/IMG_9957-1024x683.jpg 1024w, https:\/\/terrana.com.br\/wp-content\/uploads\/2026\/08\/IMG_9957-300x200.jpg 300w, https:\/\/terrana.com.br\/wp-content\/uploads\/2026\/08\/IMG_9957-600x400.jpg 600w, https:\/\/terrana.com.br\/wp-content\/uploads\/2026\/08\/IMG_9957.jpg 1200w\" sizes=\"auto, (max-width: 1024px) 100vw, 1024px\" \/><\/figure>\n\n\n\n<figure class=\"wp-block-image size-large is-resized\"><img loading=\"lazy\" decoding=\"async\" width=\"683\" height=\"1024\" src=\"https:\/\/terrana.com.br\/wp-content\/uploads\/2026\/08\/IMG_9956-683x1024.jpg\" alt=\"\" class=\"wp-image-7333\" style=\"width:272px;height:auto\" srcset=\"https:\/\/terrana.com.br\/wp-content\/uploads\/2026\/08\/IMG_9956-683x1024.jpg 683w, https:\/\/terrana.com.br\/wp-content\/uploads\/2026\/08\/IMG_9956-200x300.jpg 200w, https:\/\/terrana.com.br\/wp-content\/uploads\/2026\/08\/IMG_9956.jpg 800w\" sizes=\"auto, (max-width: 683px) 100vw, 683px\" \/><\/figure>\n\n\n\n<figure class=\"wp-block-image size-large is-resized\"><img loading=\"lazy\" decoding=\"async\" width=\"1024\" height=\"683\" src=\"https:\/\/terrana.com.br\/wp-content\/uploads\/2026\/08\/IMG_9958-1024x683.jpg\" alt=\"\" class=\"wp-image-7335\" style=\"width:291px;height:auto\" srcset=\"https:\/\/terrana.com.br\/wp-content\/uploads\/2026\/08\/IMG_9958-1024x683.jpg 1024w, https:\/\/terrana.com.br\/wp-content\/uploads\/2026\/08\/IMG_9958-300x200.jpg 300w, https:\/\/terrana.com.br\/wp-content\/uploads\/2026\/08\/IMG_9958-600x400.jpg 600w, https:\/\/terrana.com.br\/wp-content\/uploads\/2026\/08\/IMG_9958.jpg 1200w\" sizes=\"auto, (max-width: 1024px) 100vw, 1024px\" \/><\/figure>\n\n\n\n<figure class=\"wp-block-image size-large is-resized\"><img loading=\"lazy\" decoding=\"async\" width=\"1024\" height=\"683\" src=\"https:\/\/terrana.com.br\/wp-content\/uploads\/2026\/08\/IMG_9955-1024x683.jpg\" alt=\"\" class=\"wp-image-7332\" style=\"width:526px;height:auto\" srcset=\"https:\/\/terrana.com.br\/wp-content\/uploads\/2026\/08\/IMG_9955-1024x683.jpg 1024w, https:\/\/terrana.com.br\/wp-content\/uploads\/2026\/08\/IMG_9955-300x200.jpg 300w, https:\/\/terrana.com.br\/wp-content\/uploads\/2026\/08\/IMG_9955-600x400.jpg 600w, https:\/\/terrana.com.br\/wp-content\/uploads\/2026\/08\/IMG_9955.jpg 1200w\" sizes=\"auto, (max-width: 1024px) 100vw, 1024px\" \/><\/figure>\n\n\n\n<p class=\"has-large-font-size wp-block-paragraph\"><strong>O Homem Brasileiro e Suas Ra\u00edzes Culturais 1980.<\/strong><\/p>\n\n\n\n<p class=\"wp-block-paragraph\">Museu de Arte de S\u00e3 Paulo MASP<\/p>\n\n\n\n<figure class=\"wp-block-image size-large is-resized\"><img loading=\"lazy\" decoding=\"async\" width=\"836\" height=\"1024\" src=\"https:\/\/terrana.com.br\/wp-content\/uploads\/2026\/08\/IMG_9969-836x1024.jpg\" alt=\"\" class=\"wp-image-7338\" style=\"width:463px;height:auto\" srcset=\"https:\/\/terrana.com.br\/wp-content\/uploads\/2026\/08\/IMG_9969-836x1024.jpg 836w, https:\/\/terrana.com.br\/wp-content\/uploads\/2026\/08\/IMG_9969-245x300.jpg 245w, https:\/\/terrana.com.br\/wp-content\/uploads\/2026\/08\/IMG_9969.jpg 980w\" sizes=\"auto, (max-width: 836px) 100vw, 836px\" \/><\/figure>\n\n\n\n<figure class=\"wp-block-image size-large is-resized\"><img loading=\"lazy\" decoding=\"async\" width=\"1024\" height=\"731\" src=\"https:\/\/terrana.com.br\/wp-content\/uploads\/2026\/08\/IMG_9968-1024x731.jpg\" alt=\"\" class=\"wp-image-7337\" style=\"width:804px;height:auto\" srcset=\"https:\/\/terrana.com.br\/wp-content\/uploads\/2026\/08\/IMG_9968-1024x731.jpg 1024w, https:\/\/terrana.com.br\/wp-content\/uploads\/2026\/08\/IMG_9968-300x214.jpg 300w, https:\/\/terrana.com.br\/wp-content\/uploads\/2026\/08\/IMG_9968.jpg 1200w\" sizes=\"auto, (max-width: 1024px) 100vw, 1024px\" \/><\/figure>\n\n\n\n<figure class=\"wp-block-image size-large is-resized\"><img loading=\"lazy\" decoding=\"async\" width=\"590\" height=\"1024\" src=\"https:\/\/terrana.com.br\/wp-content\/uploads\/2026\/08\/IMG_9970-590x1024.jpg\" alt=\"\" class=\"wp-image-7339\" style=\"width:479px;height:auto\" srcset=\"https:\/\/terrana.com.br\/wp-content\/uploads\/2026\/08\/IMG_9970-590x1024.jpg 590w, https:\/\/terrana.com.br\/wp-content\/uploads\/2026\/08\/IMG_9970-173x300.jpg 173w, https:\/\/terrana.com.br\/wp-content\/uploads\/2026\/08\/IMG_9970.jpg 691w\" sizes=\"auto, (max-width: 590px) 100vw, 590px\" \/><\/figure>\n\n\n\n<figure class=\"wp-block-image size-large is-resized\"><img loading=\"lazy\" decoding=\"async\" width=\"1024\" height=\"637\" src=\"https:\/\/terrana.com.br\/wp-content\/uploads\/2026\/08\/IMG_9971-1024x637.jpg\" alt=\"\" class=\"wp-image-7340\" style=\"width:719px;height:auto\" srcset=\"https:\/\/terrana.com.br\/wp-content\/uploads\/2026\/08\/IMG_9971-1024x637.jpg 1024w, https:\/\/terrana.com.br\/wp-content\/uploads\/2026\/08\/IMG_9971-300x187.jpg 300w, https:\/\/terrana.com.br\/wp-content\/uploads\/2026\/08\/IMG_9971.jpg 1200w\" sizes=\"auto, (max-width: 1024px) 100vw, 1024px\" \/><\/figure>\n\n\n\n<p class=\"has-large-font-size wp-block-paragraph\">Araguaia &#8211; Paraupava. 1983. Fotografia.<\/p>\n\n\n\n<p class=\"wp-block-paragraph\">Exposi\u00e7\u00e3o individual Centro Cultural de S\u00e3o Paulo.<\/p>\n\n\n\n<figure class=\"wp-block-image size-large is-resized\"><img loading=\"lazy\" decoding=\"async\" width=\"1024\" height=\"713\" src=\"https:\/\/terrana.com.br\/wp-content\/uploads\/2026\/08\/IMG_9974-1024x713.jpg\" alt=\"\" class=\"wp-image-7343\" style=\"width:791px;height:auto\" srcset=\"https:\/\/terrana.com.br\/wp-content\/uploads\/2026\/08\/IMG_9974-1024x713.jpg 1024w, https:\/\/terrana.com.br\/wp-content\/uploads\/2026\/08\/IMG_9974-300x209.jpg 300w, https:\/\/terrana.com.br\/wp-content\/uploads\/2026\/08\/IMG_9974.jpg 1200w\" sizes=\"auto, (max-width: 1024px) 100vw, 1024px\" \/><\/figure>\n\n\n\n<figure class=\"wp-block-image size-large is-resized\"><img loading=\"lazy\" decoding=\"async\" width=\"1024\" height=\"683\" src=\"https:\/\/terrana.com.br\/wp-content\/uploads\/2026\/08\/IMG_9978-1024x683.jpg\" alt=\"\" class=\"wp-image-7344\" style=\"width:730px;height:auto\" srcset=\"https:\/\/terrana.com.br\/wp-content\/uploads\/2026\/08\/IMG_9978-1024x683.jpg 1024w, https:\/\/terrana.com.br\/wp-content\/uploads\/2026\/08\/IMG_9978-300x200.jpg 300w, https:\/\/terrana.com.br\/wp-content\/uploads\/2026\/08\/IMG_9978.jpg 1200w\" sizes=\"auto, (max-width: 1024px) 100vw, 1024px\" \/><\/figure>\n\n\n\n<figure class=\"wp-block-image size-large is-resized\"><img loading=\"lazy\" decoding=\"async\" width=\"1024\" height=\"683\" src=\"https:\/\/terrana.com.br\/wp-content\/uploads\/2026\/08\/IMG_0039-1024x683.jpg\" alt=\"\" class=\"wp-image-7374\" style=\"width:738px;height:auto\" srcset=\"https:\/\/terrana.com.br\/wp-content\/uploads\/2026\/08\/IMG_0039-1024x683.jpg 1024w, https:\/\/terrana.com.br\/wp-content\/uploads\/2026\/08\/IMG_0039-300x200.jpg 300w, https:\/\/terrana.com.br\/wp-content\/uploads\/2026\/08\/IMG_0039-600x400.jpg 600w, https:\/\/terrana.com.br\/wp-content\/uploads\/2026\/08\/IMG_0039.jpg 1200w\" sizes=\"auto, (max-width: 1024px) 100vw, 1024px\" \/><\/figure>\n\n\n\n<figure class=\"wp-block-image size-large is-resized\"><img loading=\"lazy\" decoding=\"async\" width=\"1024\" height=\"941\" src=\"https:\/\/terrana.com.br\/wp-content\/uploads\/2026\/08\/IMG_9980-1024x941.jpg\" alt=\"\" class=\"wp-image-7346\" style=\"width:699px;height:auto\" srcset=\"https:\/\/terrana.com.br\/wp-content\/uploads\/2026\/08\/IMG_9980-1024x941.jpg 1024w, https:\/\/terrana.com.br\/wp-content\/uploads\/2026\/08\/IMG_9980-300x276.jpg 300w, https:\/\/terrana.com.br\/wp-content\/uploads\/2026\/08\/IMG_9980.jpg 1200w\" sizes=\"auto, (max-width: 1024px) 100vw, 1024px\" \/><\/figure>\n\n\n\n<figure class=\"wp-block-image size-large is-resized\"><img loading=\"lazy\" decoding=\"async\" width=\"1024\" height=\"841\" src=\"https:\/\/terrana.com.br\/wp-content\/uploads\/2026\/08\/IMG_9979-1024x841.jpg\" alt=\"\" class=\"wp-image-7345\" style=\"width:497px;height:auto\" srcset=\"https:\/\/terrana.com.br\/wp-content\/uploads\/2026\/08\/IMG_9979-1024x841.jpg 1024w, https:\/\/terrana.com.br\/wp-content\/uploads\/2026\/08\/IMG_9979-300x247.jpg 300w, https:\/\/terrana.com.br\/wp-content\/uploads\/2026\/08\/IMG_9979.jpg 1200w\" sizes=\"auto, (max-width: 1024px) 100vw, 1024px\" \/><\/figure>\n\n\n\n<p class=\"has-large-font-size wp-block-paragraph\"><strong>Contrastes e Confrontos &#8211; <\/strong><\/p>\n\n\n\n<p class=\"has-large-font-size wp-block-paragraph\"><strong>Di\u00e1logo entre dez fot\u00f3grafos 1992. Fotografia.<\/strong><\/p>\n\n\n\n<figure class=\"wp-block-gallery has-nested-images columns-default is-cropped wp-block-gallery-1 is-layout-flex wp-block-gallery-is-layout-flex\">\n<figure class=\"wp-block-image size-large\"><img loading=\"lazy\" decoding=\"async\" width=\"1024\" height=\"683\" data-id=\"7348\" src=\"https:\/\/terrana.com.br\/wp-content\/uploads\/2026\/08\/IMG_0026-1024x683.jpg\" alt=\"\" class=\"wp-image-7348\" srcset=\"https:\/\/terrana.com.br\/wp-content\/uploads\/2026\/08\/IMG_0026-1024x683.jpg 1024w, https:\/\/terrana.com.br\/wp-content\/uploads\/2026\/08\/IMG_0026-300x200.jpg 300w, https:\/\/terrana.com.br\/wp-content\/uploads\/2026\/08\/IMG_0026.jpg 1200w\" sizes=\"auto, (max-width: 1024px) 100vw, 1024px\" \/><\/figure>\n\n\n\n<figure class=\"wp-block-image size-large\"><img loading=\"lazy\" decoding=\"async\" width=\"1024\" height=\"683\" data-id=\"7349\" src=\"https:\/\/terrana.com.br\/wp-content\/uploads\/2026\/08\/IMG_0027-1024x683.jpg\" alt=\"\" class=\"wp-image-7349\" srcset=\"https:\/\/terrana.com.br\/wp-content\/uploads\/2026\/08\/IMG_0027-1024x683.jpg 1024w, https:\/\/terrana.com.br\/wp-content\/uploads\/2026\/08\/IMG_0027-300x200.jpg 300w, https:\/\/terrana.com.br\/wp-content\/uploads\/2026\/08\/IMG_0027.jpg 1200w\" sizes=\"auto, (max-width: 1024px) 100vw, 1024px\" \/><\/figure>\n\n\n\n<figure class=\"wp-block-image size-large\"><img loading=\"lazy\" decoding=\"async\" width=\"1024\" height=\"683\" data-id=\"7350\" src=\"https:\/\/terrana.com.br\/wp-content\/uploads\/2026\/08\/IMG_0028-1024x683.jpg\" alt=\"\" class=\"wp-image-7350\" srcset=\"https:\/\/terrana.com.br\/wp-content\/uploads\/2026\/08\/IMG_0028-1024x683.jpg 1024w, https:\/\/terrana.com.br\/wp-content\/uploads\/2026\/08\/IMG_0028-300x200.jpg 300w, https:\/\/terrana.com.br\/wp-content\/uploads\/2026\/08\/IMG_0028.jpg 1200w\" sizes=\"auto, (max-width: 1024px) 100vw, 1024px\" \/><\/figure>\n\n\n\n<figure class=\"wp-block-image size-large\"><img loading=\"lazy\" decoding=\"async\" width=\"1024\" height=\"683\" data-id=\"7351\" src=\"https:\/\/terrana.com.br\/wp-content\/uploads\/2026\/08\/IMG_0029-1024x683.jpg\" alt=\"\" class=\"wp-image-7351\" srcset=\"https:\/\/terrana.com.br\/wp-content\/uploads\/2026\/08\/IMG_0029-1024x683.jpg 1024w, https:\/\/terrana.com.br\/wp-content\/uploads\/2026\/08\/IMG_0029-300x200.jpg 300w, https:\/\/terrana.com.br\/wp-content\/uploads\/2026\/08\/IMG_0029.jpg 1200w\" sizes=\"auto, (max-width: 1024px) 100vw, 1024px\" \/><\/figure>\n\n\n\n<figure class=\"wp-block-image size-large\"><img loading=\"lazy\" decoding=\"async\" width=\"1024\" height=\"683\" data-id=\"7352\" src=\"https:\/\/terrana.com.br\/wp-content\/uploads\/2026\/08\/IMG_0030-1024x683.jpg\" alt=\"\" class=\"wp-image-7352\" srcset=\"https:\/\/terrana.com.br\/wp-content\/uploads\/2026\/08\/IMG_0030-1024x683.jpg 1024w, https:\/\/terrana.com.br\/wp-content\/uploads\/2026\/08\/IMG_0030-300x200.jpg 300w, https:\/\/terrana.com.br\/wp-content\/uploads\/2026\/08\/IMG_0030.jpg 1200w\" sizes=\"auto, (max-width: 1024px) 100vw, 1024px\" \/><\/figure>\n<\/figure>\n\n\n\n<p class=\"wp-block-paragraph\"><\/p>\n\n\n\n<p class=\"has-large-font-size wp-block-paragraph\"><strong>Araguaia &#8211; Paraupava. 1983. Exposi\u00e7\u00e3o individual de Fotografia.<\/strong><\/p>\n\n\n\n<p class=\"wp-block-paragraph\">Funda\u00e7\u00e3o Cultural do Distrito Federal Setembro de 1983<\/p>\n\n\n\n<figure class=\"wp-block-gallery has-nested-images columns-default is-cropped wp-block-gallery-2 is-layout-flex wp-block-gallery-is-layout-flex\">\n<figure class=\"wp-block-image size-large\"><img loading=\"lazy\" decoding=\"async\" width=\"1024\" height=\"683\" data-id=\"7367\" src=\"https:\/\/terrana.com.br\/wp-content\/uploads\/2026\/08\/IMG_9996-1024x683.jpg\" alt=\"\" class=\"wp-image-7367\" srcset=\"https:\/\/terrana.com.br\/wp-content\/uploads\/2026\/08\/IMG_9996-1024x683.jpg 1024w, https:\/\/terrana.com.br\/wp-content\/uploads\/2026\/08\/IMG_9996-300x200.jpg 300w, https:\/\/terrana.com.br\/wp-content\/uploads\/2026\/08\/IMG_9996-600x400.jpg 600w, https:\/\/terrana.com.br\/wp-content\/uploads\/2026\/08\/IMG_9996.jpg 1200w\" sizes=\"auto, (max-width: 1024px) 100vw, 1024px\" \/><\/figure>\n\n\n\n<figure class=\"wp-block-image size-large\"><img loading=\"lazy\" decoding=\"async\" width=\"1024\" height=\"683\" data-id=\"7368\" src=\"https:\/\/terrana.com.br\/wp-content\/uploads\/2026\/08\/IMG_9997-1024x683.jpg\" alt=\"\" class=\"wp-image-7368\" srcset=\"https:\/\/terrana.com.br\/wp-content\/uploads\/2026\/08\/IMG_9997-1024x683.jpg 1024w, https:\/\/terrana.com.br\/wp-content\/uploads\/2026\/08\/IMG_9997-300x200.jpg 300w, https:\/\/terrana.com.br\/wp-content\/uploads\/2026\/08\/IMG_9997-600x400.jpg 600w, https:\/\/terrana.com.br\/wp-content\/uploads\/2026\/08\/IMG_9997.jpg 1200w\" sizes=\"auto, (max-width: 1024px) 100vw, 1024px\" \/><\/figure>\n\n\n\n<figure class=\"wp-block-image size-large\"><img loading=\"lazy\" decoding=\"async\" width=\"1024\" height=\"683\" data-id=\"7370\" src=\"https:\/\/terrana.com.br\/wp-content\/uploads\/2026\/08\/IMG_9999-1024x683.jpg\" alt=\"\" class=\"wp-image-7370\" srcset=\"https:\/\/terrana.com.br\/wp-content\/uploads\/2026\/08\/IMG_9999-1024x683.jpg 1024w, https:\/\/terrana.com.br\/wp-content\/uploads\/2026\/08\/IMG_9999-300x200.jpg 300w, https:\/\/terrana.com.br\/wp-content\/uploads\/2026\/08\/IMG_9999-600x400.jpg 600w, https:\/\/terrana.com.br\/wp-content\/uploads\/2026\/08\/IMG_9999.jpg 1200w\" sizes=\"auto, (max-width: 1024px) 100vw, 1024px\" \/><\/figure>\n\n\n\n<figure class=\"wp-block-image size-large\"><img loading=\"lazy\" decoding=\"async\" width=\"1024\" height=\"683\" data-id=\"7366\" src=\"https:\/\/terrana.com.br\/wp-content\/uploads\/2026\/08\/IMG_0013-1024x683.jpg\" alt=\"\" class=\"wp-image-7366\" srcset=\"https:\/\/terrana.com.br\/wp-content\/uploads\/2026\/08\/IMG_0013-1024x683.jpg 1024w, https:\/\/terrana.com.br\/wp-content\/uploads\/2026\/08\/IMG_0013-300x200.jpg 300w, https:\/\/terrana.com.br\/wp-content\/uploads\/2026\/08\/IMG_0013-600x400.jpg 600w, https:\/\/terrana.com.br\/wp-content\/uploads\/2026\/08\/IMG_0013.jpg 1200w\" sizes=\"auto, (max-width: 1024px) 100vw, 1024px\" \/><\/figure>\n\n\n\n<figure class=\"wp-block-image size-large\"><img loading=\"lazy\" decoding=\"async\" width=\"683\" height=\"1024\" data-id=\"7365\" src=\"https:\/\/terrana.com.br\/wp-content\/uploads\/2026\/08\/IMG_0012-683x1024.jpg\" alt=\"\" class=\"wp-image-7365\" srcset=\"https:\/\/terrana.com.br\/wp-content\/uploads\/2026\/08\/IMG_0012-683x1024.jpg 683w, https:\/\/terrana.com.br\/wp-content\/uploads\/2026\/08\/IMG_0012-200x300.jpg 200w, https:\/\/terrana.com.br\/wp-content\/uploads\/2026\/08\/IMG_0012.jpg 800w\" sizes=\"auto, (max-width: 683px) 100vw, 683px\" \/><\/figure>\n\n\n\n<figure class=\"wp-block-image size-large\"><img loading=\"lazy\" decoding=\"async\" width=\"683\" height=\"1024\" data-id=\"7356\" src=\"https:\/\/terrana.com.br\/wp-content\/uploads\/2026\/08\/IMG_0002-683x1024.jpg\" alt=\"\" class=\"wp-image-7356\" srcset=\"https:\/\/terrana.com.br\/wp-content\/uploads\/2026\/08\/IMG_0002-683x1024.jpg 683w, https:\/\/terrana.com.br\/wp-content\/uploads\/2026\/08\/IMG_0002-200x300.jpg 200w, https:\/\/terrana.com.br\/wp-content\/uploads\/2026\/08\/IMG_0002.jpg 800w\" sizes=\"auto, (max-width: 683px) 100vw, 683px\" \/><\/figure>\n\n\n\n<figure class=\"wp-block-image size-large\"><img loading=\"lazy\" decoding=\"async\" width=\"1024\" height=\"683\" data-id=\"7364\" src=\"https:\/\/terrana.com.br\/wp-content\/uploads\/2026\/08\/IMG_0011-1024x683.jpg\" alt=\"\" class=\"wp-image-7364\" srcset=\"https:\/\/terrana.com.br\/wp-content\/uploads\/2026\/08\/IMG_0011-1024x683.jpg 1024w, https:\/\/terrana.com.br\/wp-content\/uploads\/2026\/08\/IMG_0011-300x200.jpg 300w, https:\/\/terrana.com.br\/wp-content\/uploads\/2026\/08\/IMG_0011-600x400.jpg 600w, https:\/\/terrana.com.br\/wp-content\/uploads\/2026\/08\/IMG_0011.jpg 1200w\" sizes=\"auto, (max-width: 1024px) 100vw, 1024px\" \/><\/figure>\n\n\n\n<figure class=\"wp-block-image size-large\"><img loading=\"lazy\" decoding=\"async\" width=\"683\" height=\"1024\" data-id=\"7363\" src=\"https:\/\/terrana.com.br\/wp-content\/uploads\/2026\/08\/IMG_0010-683x1024.jpg\" alt=\"\" class=\"wp-image-7363\" srcset=\"https:\/\/terrana.com.br\/wp-content\/uploads\/2026\/08\/IMG_0010-683x1024.jpg 683w, https:\/\/terrana.com.br\/wp-content\/uploads\/2026\/08\/IMG_0010-200x300.jpg 200w, https:\/\/terrana.com.br\/wp-content\/uploads\/2026\/08\/IMG_0010.jpg 800w\" sizes=\"auto, (max-width: 683px) 100vw, 683px\" \/><\/figure>\n\n\n\n<figure class=\"wp-block-image size-large\"><img loading=\"lazy\" decoding=\"async\" width=\"683\" height=\"1024\" data-id=\"7362\" src=\"https:\/\/terrana.com.br\/wp-content\/uploads\/2026\/08\/IMG_0009-683x1024.jpg\" alt=\"\" class=\"wp-image-7362\" srcset=\"https:\/\/terrana.com.br\/wp-content\/uploads\/2026\/08\/IMG_0009-683x1024.jpg 683w, https:\/\/terrana.com.br\/wp-content\/uploads\/2026\/08\/IMG_0009-200x300.jpg 200w, https:\/\/terrana.com.br\/wp-content\/uploads\/2026\/08\/IMG_0009.jpg 800w\" sizes=\"auto, (max-width: 683px) 100vw, 683px\" \/><\/figure>\n\n\n\n<figure class=\"wp-block-image size-large\"><img loading=\"lazy\" decoding=\"async\" width=\"683\" height=\"1024\" data-id=\"7355\" src=\"https:\/\/terrana.com.br\/wp-content\/uploads\/2026\/08\/IMG_0001-683x1024.jpg\" alt=\"\" class=\"wp-image-7355\" srcset=\"https:\/\/terrana.com.br\/wp-content\/uploads\/2026\/08\/IMG_0001-683x1024.jpg 683w, https:\/\/terrana.com.br\/wp-content\/uploads\/2026\/08\/IMG_0001-200x300.jpg 200w, https:\/\/terrana.com.br\/wp-content\/uploads\/2026\/08\/IMG_0001.jpg 800w\" sizes=\"auto, (max-width: 683px) 100vw, 683px\" \/><\/figure>\n\n\n\n<figure class=\"wp-block-image size-large\"><img loading=\"lazy\" decoding=\"async\" width=\"1024\" height=\"683\" data-id=\"7357\" src=\"https:\/\/terrana.com.br\/wp-content\/uploads\/2026\/08\/IMG_0004-1024x683.jpg\" alt=\"\" class=\"wp-image-7357\" srcset=\"https:\/\/terrana.com.br\/wp-content\/uploads\/2026\/08\/IMG_0004-1024x683.jpg 1024w, https:\/\/terrana.com.br\/wp-content\/uploads\/2026\/08\/IMG_0004-300x200.jpg 300w, https:\/\/terrana.com.br\/wp-content\/uploads\/2026\/08\/IMG_0004-600x400.jpg 600w, https:\/\/terrana.com.br\/wp-content\/uploads\/2026\/08\/IMG_0004.jpg 1200w\" sizes=\"auto, (max-width: 1024px) 100vw, 1024px\" \/><\/figure>\n\n\n\n<figure class=\"wp-block-image size-large\"><img loading=\"lazy\" decoding=\"async\" width=\"683\" height=\"1024\" data-id=\"7360\" src=\"https:\/\/terrana.com.br\/wp-content\/uploads\/2026\/08\/IMG_0007-683x1024.jpg\" alt=\"\" class=\"wp-image-7360\" srcset=\"https:\/\/terrana.com.br\/wp-content\/uploads\/2026\/08\/IMG_0007-683x1024.jpg 683w, https:\/\/terrana.com.br\/wp-content\/uploads\/2026\/08\/IMG_0007-200x300.jpg 200w, https:\/\/terrana.com.br\/wp-content\/uploads\/2026\/08\/IMG_0007.jpg 800w\" sizes=\"auto, (max-width: 683px) 100vw, 683px\" \/><\/figure>\n\n\n\n<figure class=\"wp-block-image size-large\"><img loading=\"lazy\" decoding=\"async\" width=\"683\" height=\"1024\" data-id=\"7361\" src=\"https:\/\/terrana.com.br\/wp-content\/uploads\/2026\/08\/IMG_0008-683x1024.jpg\" alt=\"\" class=\"wp-image-7361\" srcset=\"https:\/\/terrana.com.br\/wp-content\/uploads\/2026\/08\/IMG_0008-683x1024.jpg 683w, https:\/\/terrana.com.br\/wp-content\/uploads\/2026\/08\/IMG_0008-200x300.jpg 200w, https:\/\/terrana.com.br\/wp-content\/uploads\/2026\/08\/IMG_0008.jpg 800w\" sizes=\"auto, (max-width: 683px) 100vw, 683px\" \/><\/figure>\n<\/figure>\n\n\n\n<p class=\"wp-block-paragraph\"><\/p>\n\n\n\n<p class=\"has-large-font-size wp-block-paragraph\">Pinturas Xerox Heliografias Desenhos.1975.<\/p>\n\n\n\n<figure class=\"wp-block-image size-large is-resized\"><img loading=\"lazy\" decoding=\"async\" width=\"1024\" height=\"704\" src=\"https:\/\/terrana.com.br\/wp-content\/uploads\/2026\/08\/IMG_0037-1024x704.jpg\" alt=\"\" class=\"wp-image-7373\" style=\"width:858px;height:auto\" srcset=\"https:\/\/terrana.com.br\/wp-content\/uploads\/2026\/08\/IMG_0037-1024x704.jpg 1024w, https:\/\/terrana.com.br\/wp-content\/uploads\/2026\/08\/IMG_0037-300x206.jpg 300w, https:\/\/terrana.com.br\/wp-content\/uploads\/2026\/08\/IMG_0037.jpg 1200w\" sizes=\"auto, (max-width: 1024px) 100vw, 1024px\" \/><figcaption class=\"wp-element-caption\">Nessa \u00e9poca estava fazendo uma s\u00e9rie de pesquisas visuais com c\u00f3pias heliogr\u00e1ficas e xerox \u00e0 partir de fotografias preto e branco.<\/figcaption><\/figure>\n\n\n\n<p class=\"wp-block-paragraph\"><\/p>\n\n\n\n<p class=\"has-large-font-size wp-block-paragraph\">4 linguagens &#8211; 4 fot\u00f3grafos.1992.<\/p>\n\n\n\n<p class=\"wp-block-paragraph\">Exposi\u00e7\u00e3o coletiva.<\/p>\n\n\n\n<figure class=\"wp-block-image size-large is-resized\"><img loading=\"lazy\" decoding=\"async\" width=\"697\" height=\"1024\" src=\"https:\/\/terrana.com.br\/wp-content\/uploads\/2026\/08\/IMG_9953-697x1024.jpg\" alt=\"\" class=\"wp-image-7375\" style=\"width:627px;height:auto\" srcset=\"https:\/\/terrana.com.br\/wp-content\/uploads\/2026\/08\/IMG_9953-697x1024.jpg 697w, https:\/\/terrana.com.br\/wp-content\/uploads\/2026\/08\/IMG_9953-204x300.jpg 204w, https:\/\/terrana.com.br\/wp-content\/uploads\/2026\/08\/IMG_9953.jpg 817w\" sizes=\"auto, (max-width: 697px) 100vw, 697px\" \/><\/figure>\n\n\n\n<p class=\"wp-block-paragraph\"><\/p>\n\n\n\n<p class=\"has-large-font-size wp-block-paragraph\">Verde Lente &#8211; fot\u00f3grafos brasileiros e a Natureza.1997.<\/p>\n\n\n\n<p class=\"wp-block-paragraph\">Exposi\u00e7\u00e3o coletiva.<\/p>\n\n\n\n<p class=\"wp-block-paragraph\"><\/p>\n\n\n\n<p class=\"has-large-font-size wp-block-paragraph\">IV Encontro Jundiaiense de Arte.1975.<\/p>\n\n\n\n<p class=\"wp-block-paragraph\">Exposi\u00e7\u00e3o coletiva.<\/p>\n\n\n\n<figure class=\"wp-block-image size-large is-resized\"><img loading=\"lazy\" decoding=\"async\" width=\"683\" height=\"1024\" src=\"https:\/\/terrana.com.br\/wp-content\/uploads\/2026\/08\/IMG_9937-683x1024.jpg\" alt=\"\" class=\"wp-image-7288\" style=\"width:191px;height:auto\" srcset=\"https:\/\/terrana.com.br\/wp-content\/uploads\/2026\/08\/IMG_9937-683x1024.jpg 683w, https:\/\/terrana.com.br\/wp-content\/uploads\/2026\/08\/IMG_9937-200x300.jpg 200w, https:\/\/terrana.com.br\/wp-content\/uploads\/2026\/08\/IMG_9937.jpg 800w\" sizes=\"auto, (max-width: 683px) 100vw, 683px\" \/><\/figure>\n\n\n\n<p class=\"wp-block-paragraph\"><\/p>\n\n\n\n<p class=\"has-large-font-size wp-block-paragraph\"><strong>Exposi\u00e7\u00e3o Coletiva de Fotografias no Cineclube Pau-de-arara. 1975.<\/strong><\/p>\n\n\n\n<figure class=\"wp-block-gallery has-nested-images columns-default is-cropped wp-block-gallery-3 is-layout-flex wp-block-gallery-is-layout-flex\">\n<figure class=\"wp-block-image size-large\"><img loading=\"lazy\" decoding=\"async\" width=\"683\" height=\"1024\" data-id=\"7291\" src=\"https:\/\/terrana.com.br\/wp-content\/uploads\/2026\/08\/IMG_9939-683x1024.jpg\" alt=\"\" class=\"wp-image-7291\" srcset=\"https:\/\/terrana.com.br\/wp-content\/uploads\/2026\/08\/IMG_9939-683x1024.jpg 683w, https:\/\/terrana.com.br\/wp-content\/uploads\/2026\/08\/IMG_9939-200x300.jpg 200w, https:\/\/terrana.com.br\/wp-content\/uploads\/2026\/08\/IMG_9939.jpg 800w\" sizes=\"auto, (max-width: 683px) 100vw, 683px\" \/><\/figure>\n\n\n\n<figure class=\"wp-block-image size-large\"><img loading=\"lazy\" decoding=\"async\" width=\"1024\" height=\"683\" data-id=\"7290\" src=\"https:\/\/terrana.com.br\/wp-content\/uploads\/2026\/08\/IMG_9938-1024x683.jpg\" alt=\"\" class=\"wp-image-7290\" srcset=\"https:\/\/terrana.com.br\/wp-content\/uploads\/2026\/08\/IMG_9938-1024x683.jpg 1024w, https:\/\/terrana.com.br\/wp-content\/uploads\/2026\/08\/IMG_9938-300x200.jpg 300w, https:\/\/terrana.com.br\/wp-content\/uploads\/2026\/08\/IMG_9938-600x400.jpg 600w, https:\/\/terrana.com.br\/wp-content\/uploads\/2026\/08\/IMG_9938.jpg 1200w\" sizes=\"auto, (max-width: 1024px) 100vw, 1024px\" \/><\/figure>\n<\/figure>\n\n\n\n<figure class=\"wp-block-image size-large is-resized\"><img loading=\"lazy\" decoding=\"async\" width=\"1024\" height=\"683\" src=\"https:\/\/terrana.com.br\/wp-content\/uploads\/2026\/08\/IMG_9940-1024x683.jpg\" alt=\"\" class=\"wp-image-7304\" style=\"width:617px;height:auto\" srcset=\"https:\/\/terrana.com.br\/wp-content\/uploads\/2026\/08\/IMG_9940-1024x683.jpg 1024w, https:\/\/terrana.com.br\/wp-content\/uploads\/2026\/08\/IMG_9940-300x200.jpg 300w, https:\/\/terrana.com.br\/wp-content\/uploads\/2026\/08\/IMG_9940-600x400.jpg 600w, https:\/\/terrana.com.br\/wp-content\/uploads\/2026\/08\/IMG_9940.jpg 1200w\" sizes=\"auto, (max-width: 1024px) 100vw, 1024px\" \/><\/figure>\n\n\n\n<p class=\"wp-block-paragraph\"><\/p>\n\n\n\n<p class=\"has-medium-font-size wp-block-paragraph\">Movimento Cultural &#8216;Rodrigues Alves&#8217;.. 1975. Fotografia.<\/p>\n\n\n\n<p class=\"wp-block-paragraph\"><\/p>\n\n\n\n<p class=\"wp-block-paragraph\"><\/p>\n\n\n\n<p class=\"has-medium-font-size wp-block-paragraph\"><strong>XIII Bienal de S\u00e3o Paulo. 1975. Fotografia.<\/strong><\/p>\n\n\n\n<p class=\"has-medium-font-size wp-block-paragraph\"><\/p>\n\n\n\n<p class=\"has-medium-font-size wp-block-paragraph\"><strong>Encontro de poetas. 1977. Fotografia.<\/strong><\/p>\n\n\n\n<p class=\"wp-block-paragraph\"><\/p>\n\n\n\n<p class=\"has-medium-font-size wp-block-paragraph\"><strong>Auto-retrato. 1981. Fotografia.<\/strong><\/p>\n\n\n\n<p class=\"has-medium-font-size wp-block-paragraph\"><\/p>\n\n\n\n<p class=\"has-medium-font-size wp-block-paragraph\"><strong>BRAS\u00cdLIA: PORTAL DO CERRADO &#8211; Programa de Educa\u00e7\u00e3o Ambiental Aeroporto Internacional de Bras\u00edlia. 2015. <\/strong><\/p>\n\n\n\n<p class=\"wp-block-paragraph\"><\/p>\n\n\n\n<p class=\"has-medium-font-size wp-block-paragraph\"><strong>Bras\u00edlia Portal do Cerrado. Semana do Meio Ambiente 2015. 2015. Fotografia.<\/strong><\/p>\n\n\n\n<p class=\"wp-block-paragraph\"><\/p>\n\n\n\n<p class=\"has-medium-font-size wp-block-paragraph\"><strong>Mostra Coletiva de fotografias de S\u00e3o Carlos.. 1975. Fotografia.<\/strong><\/p>\n\n\n\n<p class=\"has-medium-font-size wp-block-paragraph\"><strong>III EXPOSI\u00c7\u00c3O COLETIVA DE FOT\u00d3GRAFOS DO CENTRO OESTE<\/strong>.<\/p>\n\n\n\n<figure class=\"wp-block-image size-large is-resized\"><img loading=\"lazy\" decoding=\"async\" width=\"1024\" height=\"648\" src=\"https:\/\/terrana.com.br\/wp-content\/uploads\/2026\/08\/exposicao-no-museu-da-republica-1024x648.jpg\" alt=\"\" class=\"wp-image-7433\" style=\"width:694px;height:auto\" srcset=\"https:\/\/terrana.com.br\/wp-content\/uploads\/2026\/08\/exposicao-no-museu-da-republica-1024x648.jpg 1024w, https:\/\/terrana.com.br\/wp-content\/uploads\/2026\/08\/exposicao-no-museu-da-republica-300x190.jpg 300w, https:\/\/terrana.com.br\/wp-content\/uploads\/2026\/08\/exposicao-no-museu-da-republica.jpg 1600w\" sizes=\"auto, (max-width: 1024px) 100vw, 1024px\" \/><\/figure>\n\n\n\n<figure class=\"wp-block-image size-full is-resized\"><img loading=\"lazy\" decoding=\"async\" width=\"434\" height=\"703\" src=\"https:\/\/terrana.com.br\/wp-content\/uploads\/2026\/08\/exposicao-museu-da-republica-fotografos-do-centro-oeste-coletiva.jpg\" alt=\"\" class=\"wp-image-7436\" style=\"width:418px;height:auto\" srcset=\"https:\/\/terrana.com.br\/wp-content\/uploads\/2026\/08\/exposicao-museu-da-republica-fotografos-do-centro-oeste-coletiva.jpg 434w, https:\/\/terrana.com.br\/wp-content\/uploads\/2026\/08\/exposicao-museu-da-republica-fotografos-do-centro-oeste-coletiva-185x300.jpg 185w\" sizes=\"auto, (max-width: 434px) 100vw, 434px\" \/><\/figure>\n\n\n\n<div style=\"height:155px\" aria-hidden=\"true\" class=\"wp-block-spacer\"><\/div>\n\n\n\n<div class=\"wp-block-columns is-layout-flex wp-container-core-columns-is-layout-0e47273b wp-block-columns-is-layout-flex\">\n<div class=\"wp-block-column is-layout-flow wp-block-column-is-layout-flow\">\n<figure class=\"wp-block-image size-large\"><img loading=\"lazy\" decoding=\"async\" width=\"1024\" height=\"683\" src=\"https:\/\/terrana.com.br\/wp-content\/uploads\/2019\/10\/IMG_1616-2-1024x683.jpg\" alt=\"\" class=\"wp-image-7160\" srcset=\"https:\/\/terrana.com.br\/wp-content\/uploads\/2019\/10\/IMG_1616-2-1024x683.jpg 1024w, https:\/\/terrana.com.br\/wp-content\/uploads\/2019\/10\/IMG_1616-2-300x200.jpg 300w, https:\/\/terrana.com.br\/wp-content\/uploads\/2019\/10\/IMG_1616-2-600x400.jpg 600w, https:\/\/terrana.com.br\/wp-content\/uploads\/2019\/10\/IMG_1616-2.jpg 1200w\" sizes=\"auto, (max-width: 1024px) 100vw, 1024px\" \/><\/figure>\n\n\n\n<p class=\"wp-block-paragraph\"><\/p>\n\n\n\n<h3 class=\"wp-block-heading has-black-color has-text-color has-medium-font-size\">Projeto 101 animais no cerrado<\/h3>\n\n\n\n<p class=\"has-text-color wp-block-paragraph\" style=\"color:#7a7a7a\">Carlos Terrana lan\u00e7a uma s\u00e9rie, tipo cole\u00e7\u00e3o de livros, para demonstrar detalhadamente como a fauna brasileira \u00e9 rica mas requer cuidados especiais. \u00c9 uma cole\u00e7\u00e3o de livros eletr\u00f4nicos com informa\u00e7\u00f5es curiosas e de cunho cient\u00edfico sobre 101 animais.<\/p>\n<\/div>\n\n\n\n<div class=\"wp-block-column is-layout-flow wp-block-column-is-layout-flow\">\n<figure class=\"wp-block-image size-full\"><img loading=\"lazy\" decoding=\"async\" width=\"700\" height=\"467\" src=\"https:\/\/terrana.com.br\/wp-content\/uploads\/2026\/07\/pag-14.jpg\" alt=\"\" class=\"wp-image-7123\" srcset=\"https:\/\/terrana.com.br\/wp-content\/uploads\/2026\/07\/pag-14.jpg 700w, https:\/\/terrana.com.br\/wp-content\/uploads\/2026\/07\/pag-14-300x200.jpg 300w\" sizes=\"auto, (max-width: 700px) 100vw, 700px\" \/><\/figure>\n\n\n\n<h3 class=\"wp-block-heading has-black-color has-text-color has-medium-font-size\">Projeto Guardi\u00e3s das Nascentes<\/h3>\n\n\n\n<p class=\"has-text-color wp-block-paragraph\" style=\"color:#7a7a7a\"><strong>Este trabalho \u00e9 uma pesquisa acad\u00eamica sobre fotografia, que apresenta como produ\u00e7\u00e3o pr\u00e1tica o processo de cria\u00e7\u00e3o de um ensaio fotogr\u00e1fico sobre a semi-nudez, com fotos realizadas em Bras\u00edlia, Piren\u00f3polis-GO e Chapada dos Veadeiros-GO.<\/strong><\/p>\n<\/div>\n\n\n\n<div class=\"wp-block-column is-layout-flow wp-block-column-is-layout-flow\">\n<figure class=\"wp-block-image size-large is-resized\"><img loading=\"lazy\" decoding=\"async\" width=\"684\" height=\"1024\" src=\"https:\/\/terrana.com.br\/wp-content\/uploads\/2026\/07\/TER5691-3-684x1024.jpg\" alt=\"\" class=\"wp-image-7218\" style=\"aspect-ratio:0.6679809810970659;width:256px;height:auto\" srcset=\"https:\/\/terrana.com.br\/wp-content\/uploads\/2026\/07\/TER5691-3-684x1024.jpg 684w, https:\/\/terrana.com.br\/wp-content\/uploads\/2026\/07\/TER5691-3-200x300.jpg 200w, https:\/\/terrana.com.br\/wp-content\/uploads\/2026\/07\/TER5691-3.jpg 801w\" sizes=\"auto, (max-width: 684px) 100vw, 684px\" \/><\/figure>\n\n\n\n<h3 class=\"wp-block-heading has-black-color has-text-color has-medium-font-size\"><strong>Projeto Crespas e cacheadas<\/strong><\/h3>\n\n\n\n<p class=\"has-text-color wp-block-paragraph\" style=\"color:#7a7a7a\">\u00c9 um projeto onde a fotografia funciona como ferramenta para o aumento da auto-estima de alunos do ensino m\u00e9dio de Ceil\u00e2ndia e Taguatinga. <\/p>\n<\/div>\n<\/div>\n\n\n\n<h3 id=\"inspiro-is-a-digital-product-agency-that-focuses-on-strategy-and-desig\" class=\"wp-block-heading has-large-font-size\" style=\"font-weight:300\"><strong>Canal do Youtube<\/strong><\/h3>\n\n\n\n<p class=\"wp-block-paragraph\">Canal com v\u00eddeos culturais, experimentais e de sobra algumas dicas de fotografia.<\/p>\n\n\n\n<p class=\"wp-block-paragraph\"><a href=\"http:\/\/www.youtube.com\/@fotografoterrana\">www.youtube.com\/@fotografoterrana<\/a><\/p>\n\n\n\n<figure class=\"wp-block-embed is-type-video is-provider-youtube wp-block-embed-youtube wp-embed-aspect-16-9 wp-has-aspect-ratio\"><div class=\"wp-block-embed__wrapper\">\n<iframe loading=\"lazy\" title=\"Como fazer um berimbau - do in\u00edcio ao fim!\" width=\"950\" height=\"534\" src=\"https:\/\/www.youtube.com\/embed\/3D5jDYdgK5E?feature=oembed\" frameborder=\"0\" allow=\"accelerometer; autoplay; clipboard-write; encrypted-media; gyroscope; picture-in-picture; web-share\" referrerpolicy=\"strict-origin-when-cross-origin\" allowfullscreen><\/iframe>\n<\/div><\/figure>\n\n\n\n<div style=\"height:100px\" aria-hidden=\"true\" class=\"wp-block-spacer\"><\/div>\n<\/div>\n","protected":false},"excerpt":{"rendered":"<p>Nasci em S\u00e3o Paulo David Pennington, Urlik Brun e Fausto Pires do Campos Vou explicar por que essas tr\u00eas pessoas foram t\u00e3o importantes na minha forma\u00e7\u00e3o fotogr\u00e1fica. Nasci em S\u00e3o Paulo, capital, e passei minha inf\u00e2ncia em um ambiente totalmente urbano. Somente durante as f\u00e9rias escolares eu tinha a oportunidade de entrar em contato com &hellip; <\/p>\n<p class=\"link-more\"><a href=\"https:\/\/terrana.com.br\/?page_id=5592\" class=\"more-link\">Leia mais<span class=\"screen-reader-text\"> &#8220;Sobre mim&#8221;<\/span><\/a><\/p>\n","protected":false},"author":1,"featured_media":0,"parent":0,"menu_order":0,"comment_status":"closed","ping_status":"closed","template":"","meta":{"ngg_post_thumbnail":0,"inspiro_hide_title":false,"inspiro_hide_featured_image":false,"_joinchat":[],"footnotes":""},"class_list":["post-5592","page","type-page","status-publish","hentry"],"featured_media_urls":[],"_links":{"self":[{"href":"https:\/\/terrana.com.br\/index.php?rest_route=\/wp\/v2\/pages\/5592","targetHints":{"allow":["GET"]}}],"collection":[{"href":"https:\/\/terrana.com.br\/index.php?rest_route=\/wp\/v2\/pages"}],"about":[{"href":"https:\/\/terrana.com.br\/index.php?rest_route=\/wp\/v2\/types\/page"}],"author":[{"embeddable":true,"href":"https:\/\/terrana.com.br\/index.php?rest_route=\/wp\/v2\/users\/1"}],"replies":[{"embeddable":true,"href":"https:\/\/terrana.com.br\/index.php?rest_route=%2Fwp%2Fv2%2Fcomments&post=5592"}],"version-history":[{"count":58,"href":"https:\/\/terrana.com.br\/index.php?rest_route=\/wp\/v2\/pages\/5592\/revisions"}],"predecessor-version":[{"id":7752,"href":"https:\/\/terrana.com.br\/index.php?rest_route=\/wp\/v2\/pages\/5592\/revisions\/7752"}],"wp:attachment":[{"href":"https:\/\/terrana.com.br\/index.php?rest_route=%2Fwp%2Fv2%2Fmedia&parent=5592"}],"curies":[{"name":"wp","href":"https:\/\/api.w.org\/{rel}","templated":true}]}}