{"id":4684,"date":"2014-03-05T15:11:05","date_gmt":"2014-03-05T15:11:05","guid":{"rendered":"https:\/\/demo.wpzoom.com\/startingup-builder\/?page_id=4684"},"modified":"2026-08-29T10:48:24","modified_gmt":"2026-08-29T13:48:24","slug":"blog","status":"publish","type":"page","link":"https:\/\/terrana.com.br\/?page_id=4684","title":{"rendered":"Exposi\u00e7\u00f5es"},"content":{"rendered":"\n<p class=\"wp-block-paragraph\">Acompanhe meu trajeto como fot\u00f3grafo participando de mostras coletivas e individuais.<\/p>\n\n\n\n<p class=\"wp-block-paragraph\"><\/p>\n\n\n\n<p class=\"wp-block-paragraph\">em constru\u00e7\u00e3o<\/p>\n\n\n\n<p class=\"wp-block-paragraph\">Sou um fot\u00f3grafo brasileiro. Iniciei minha carreira em 1973, ao estudar Artes Pl\u00e1sticas na Funda\u00e7\u00e3o Armando \u00c1lvares Penteado (FAAP), em S\u00e3o Paulo. De l\u00e1 pra c\u00e1 desenvolvi meu trabalho em diversas \u00e1reas da fotografia, com um foco significativo em retratos, ensaios autorais, fotografia de natureza, documental, artes, ensaios sensuais.<\/p>\n\n\n\n<p class=\"wp-block-paragraph\">Aqui est\u00e3o alguns pontos importantes sobre a minha trajet\u00f3ria e trabalho:<\/p>\n\n\n\n<hr class=\"wp-block-separator has-alpha-channel-opacity\"\/>\n\n\n\n<h3 class=\"wp-block-heading\"><strong>In\u00edcio e Carreira em S\u00e3o Paulo, depois Bras\u00edlia<\/strong>.<\/h3>\n\n\n\n<ul class=\"wp-block-list\">\n<li><strong>Forma\u00e7\u00e3o:<\/strong> Carlos Terrana come\u00e7ou a fotografar em 1973, enquanto estudava Artes Pl\u00e1sticas na FAAP.<\/li>\n<\/ul>\n\n\n\n<figure class=\"wp-block-image size-large is-resized\"><img loading=\"lazy\" decoding=\"async\" width=\"666\" height=\"1024\" src=\"https:\/\/terrana.com.br\/wp-content\/uploads\/2026\/08\/IMG_6795-1-666x1024.jpg\" alt=\"\" class=\"wp-image-7811\" style=\"width:463px;height:auto\" srcset=\"https:\/\/terrana.com.br\/wp-content\/uploads\/2026\/08\/IMG_6795-1-666x1024.jpg 666w, https:\/\/terrana.com.br\/wp-content\/uploads\/2026\/08\/IMG_6795-1-195x300.jpg 195w, https:\/\/terrana.com.br\/wp-content\/uploads\/2026\/08\/IMG_6795-1.jpg 1170w\" sizes=\"auto, (max-width: 666px) 100vw, 666px\" \/><figcaption class=\"wp-element-caption\">Auto retrato na praia de Picinguaba SP. 1977<\/figcaption><\/figure>\n\n\n\n<figure class=\"wp-block-image size-large is-resized\"><img loading=\"lazy\" decoding=\"async\" width=\"683\" height=\"1024\" src=\"https:\/\/terrana.com.br\/wp-content\/uploads\/2026\/08\/IMG_6801-1-683x1024.jpg\" alt=\"\" class=\"wp-image-7812\" style=\"aspect-ratio:0.6670051988876798;width:457px;height:auto\" srcset=\"https:\/\/terrana.com.br\/wp-content\/uploads\/2026\/08\/IMG_6801-1-683x1024.jpg 683w, https:\/\/terrana.com.br\/wp-content\/uploads\/2026\/08\/IMG_6801-1-200x300.jpg 200w, https:\/\/terrana.com.br\/wp-content\/uploads\/2026\/08\/IMG_6801-1.jpg 1200w\" sizes=\"auto, (max-width: 683px) 100vw, 683px\" \/><figcaption class=\"wp-element-caption\">Foto feita pela minha companheira Raquel Milano em alguma mata de S\u00e3o Paulo, regi\u00e3o de Canan\u00e9ia.<\/figcaption><\/figure>\n\n\n\n<figure class=\"wp-block-image size-large is-resized\"><img loading=\"lazy\" decoding=\"async\" width=\"683\" height=\"1024\" src=\"https:\/\/terrana.com.br\/wp-content\/uploads\/2026\/08\/MG_9600-copy-Copia-683x1024.jpg\" alt=\"\" class=\"wp-image-7324\" style=\"aspect-ratio:0.6670059522492421;width:459px;height:auto\" srcset=\"https:\/\/terrana.com.br\/wp-content\/uploads\/2026\/08\/MG_9600-copy-Copia-683x1024.jpg 683w, https:\/\/terrana.com.br\/wp-content\/uploads\/2026\/08\/MG_9600-copy-Copia-200x300.jpg 200w, https:\/\/terrana.com.br\/wp-content\/uploads\/2026\/08\/MG_9600-copy-Copia.jpg 800w\" sizes=\"auto, (max-width: 683px) 100vw, 683px\" \/><figcaption class=\"wp-element-caption\">Eu no alto das Prateleiras, no Parque Nacional de Itatiaia, usando uma Hasselblad 500CM e um fot\u00f4metro Lunasix. Foto Raquel Milano.<\/figcaption><\/figure>\n\n\n\n<div style=\"height:55px\" aria-hidden=\"true\" class=\"wp-block-spacer\"><\/div>\n\n\n\n<ul class=\"wp-block-list\">\n<li><strong>Mudan\u00e7a para Bras\u00edlia:<\/strong> Em 1980, me mudei para Bras\u00edlia, onde trabalhei como editor de fotografia e fot\u00f3grafo no Minist\u00e9rio da Educa\u00e7\u00e3o e Cultura (MEC) onde fiquei at\u00e9 1985.<\/li>\n<\/ul>\n\n\n\n<figure class=\"wp-block-image size-large is-resized\"><img loading=\"lazy\" decoding=\"async\" width=\"1024\" height=\"683\" src=\"https:\/\/terrana.com.br\/wp-content\/uploads\/2026\/08\/IMG_6867-1024x683.jpg\" alt=\"\" class=\"wp-image-7815\" style=\"aspect-ratio:1.4993234100135318;width:475px;height:auto\" srcset=\"https:\/\/terrana.com.br\/wp-content\/uploads\/2026\/08\/IMG_6867-1024x683.jpg 1024w, https:\/\/terrana.com.br\/wp-content\/uploads\/2026\/08\/IMG_6867-300x200.jpg 300w, https:\/\/terrana.com.br\/wp-content\/uploads\/2026\/08\/IMG_6867.jpg 1800w\" sizes=\"auto, (max-width: 1024px) 100vw, 1024px\" \/><figcaption class=\"wp-element-caption\">Em 1980 chego com essa cara em Bras\u00edlia. <\/figcaption><\/figure>\n\n\nngg_shortcode_0_placeholder\n\n\n\n<div style=\"height:60px\" aria-hidden=\"true\" class=\"wp-block-spacer\"><\/div>\n\n\n\n<hr class=\"wp-block-separator has-alpha-channel-opacity\"\/>\n\n\n\n<figure class=\"wp-block-image size-large is-resized\"><img loading=\"lazy\" decoding=\"async\" width=\"1024\" height=\"1024\" src=\"https:\/\/terrana.com.br\/wp-content\/uploads\/2026\/08\/LOGOTERRANA2-1024x1024.jpg\" alt=\"\" class=\"wp-image-7837\" style=\"width:275px;height:auto\" srcset=\"https:\/\/terrana.com.br\/wp-content\/uploads\/2026\/08\/LOGOTERRANA2-1024x1024.jpg 1024w, https:\/\/terrana.com.br\/wp-content\/uploads\/2026\/08\/LOGOTERRANA2-300x300.jpg 300w, https:\/\/terrana.com.br\/wp-content\/uploads\/2026\/08\/LOGOTERRANA2-150x150.jpg 150w, https:\/\/terrana.com.br\/wp-content\/uploads\/2026\/08\/LOGOTERRANA2.jpg 1800w\" sizes=\"auto, (max-width: 1024px) 100vw, 1024px\" \/><figcaption class=\"wp-element-caption\">PHOTOGENIC ARTS<\/figcaption><\/figure>\n\n\n\n<ul class=\"wp-block-list\">\n<li><strong>Photogenic Arts:<\/strong> Em 1986, fundei o est\u00fadio Photogenic Arts em Bras\u00edlia, onde trabalho at\u00e9 hoje.<\/li>\n<\/ul>\n\n\n\n<hr class=\"wp-block-separator has-alpha-channel-opacity\"\/>\n\n\n\n<h3 class=\"wp-block-heading\"><strong>Fotografia de Natureza e o Projeto SOS Cerrado<\/strong><\/h3>\n\n\n\n<ul class=\"wp-block-list\">\n<li><strong>Paix\u00e3o pelo Cerrado:<\/strong> Na virada dos anos 2000, me dediquei especialmente \u00e0 fotografia de natureza. Ao me mudar para Bras\u00edlia minhas fotos registravam a fauna, flora, nascentes e cachoeiras do bioma.<\/li>\n<\/ul>\n\n\nngg_shortcode_1_placeholder\n\n\n\n<hr class=\"wp-block-separator has-alpha-channel-opacity\"\/>\n\n\n\n<ul class=\"wp-block-list\">\n<li><strong>Publica\u00e7\u00f5es:<\/strong> Um dos resultados desse trabalho lan\u00e7ei a cole\u00e7\u00e3o &#8220;Animais Selvagens no Brasil&#8221;, dispon\u00edvel na Amazon.com.br, que combina fotografias com informa\u00e7\u00f5es sobre a vida e costumes dos animais brasileiros.<\/li>\n<\/ul>\n\n\n\n<figure class=\"wp-block-image size-full is-resized\"><img loading=\"lazy\" decoding=\"async\" width=\"640\" height=\"637\" src=\"https:\/\/terrana.com.br\/wp-content\/uploads\/2019\/10\/animais-selvagens.jpg\" alt=\"\" class=\"wp-image-7670\" style=\"width:455px;height:auto\" srcset=\"https:\/\/terrana.com.br\/wp-content\/uploads\/2019\/10\/animais-selvagens.jpg 640w, https:\/\/terrana.com.br\/wp-content\/uploads\/2019\/10\/animais-selvagens-300x300.jpg 300w, https:\/\/terrana.com.br\/wp-content\/uploads\/2019\/10\/animais-selvagens-150x150.jpg 150w\" sizes=\"auto, (max-width: 640px) 100vw, 640px\" \/><figcaption class=\"wp-element-caption\"><a href=\"https:\/\/www.amazon.com.br\/ANIMAIS-SELVAGENS-BRASIL-fotografias-informa%C3%A7%C3%B5es-ebook\/dp\/B00BYK1IEM?\">https:\/\/www.amazon.com.br\/ANIMAIS-SELVAGENS-BRASIL-fotografias-informa%C3%A7%C3%B5es-ebook\/dp\/B00BYK1IEM?<\/a><\/figcaption><\/figure>\n\n\n\n<hr class=\"wp-block-separator has-alpha-channel-opacity\"\/>\n\n\n\n<h3 class=\"wp-block-heading\"><strong>Atividades Atuais e Ensino<\/strong><\/h3>\n\n\n\n<ul class=\"wp-block-list\">\n<li><strong>Ensino:<\/strong> Al\u00e9m de meu trabalho como fot\u00f3grafo, tamb\u00e9m atuo como professor, dando aulas particulares em seu est\u00fadio. <\/li>\n\n\n\n<li>Entre 2017 e 2020 ministrei aulas no curso Superior de Fotografia na UPIS, em Bras\u00edlia.<\/li>\n<\/ul>\n\n\n\n<figure class=\"wp-block-image size-large is-resized\"><img loading=\"lazy\" decoding=\"async\" width=\"1024\" height=\"576\" src=\"https:\/\/terrana.com.br\/wp-content\/uploads\/2026\/08\/alunos-do-curso-da-upis-1024x576.jpg\" alt=\"\" class=\"wp-image-7862\" style=\"width:431px;height:auto\" srcset=\"https:\/\/terrana.com.br\/wp-content\/uploads\/2026\/08\/alunos-do-curso-da-upis-1024x576.jpg 1024w, https:\/\/terrana.com.br\/wp-content\/uploads\/2026\/08\/alunos-do-curso-da-upis-300x169.jpg 300w, https:\/\/terrana.com.br\/wp-content\/uploads\/2026\/08\/alunos-do-curso-da-upis.jpg 1672w\" sizes=\"auto, (max-width: 1024px) 100vw, 1024px\" \/><figcaption class=\"wp-element-caption\">Alunos da Upis em aula pr\u00e1tica na ponte JK<\/figcaption><\/figure>\n\n\n\n<hr class=\"wp-block-separator has-alpha-channel-opacity\"\/>\n\n\n\n<p class=\"wp-block-paragraph\">PR\u00caMIOS<\/p>\n\n\n\n<p class=\"wp-block-paragraph\">2004 4o lugar &#8211; Juri popular, 5o Festival de Inverno de Bonito MS.<br>2003 Golden Awards, International Association of WebMasters and Designers.<\/p>\n\n\n\n<p class=\"wp-block-paragraph\">2000 1\u00b0 Pr\u00eamio no concurso, Secretaria de Meio Ambiente e Recursos H\u00eddricos do Distrito Federal.<\/p>\n\n\n\n<p class=\"wp-block-paragraph\">1993 Mens\u00e3o Honrosa &#8211; Concurso Fotogr\u00e1fico &#8220;SINDUSCON\/DF 30 ANOS&#8221;, Sindicato das Ind\u00fastrias da constru\u00e7\u00e3o civil do Distrito Federal.SINDUSCON DF.<\/p>\n\n\n\n<p class=\"wp-block-paragraph\">1991 Men\u00e7\u00e3o Honrosa &#8211; concurso de fotografia IICA\/GTZ 1991, Instituto Interamericano de Coopera\u00e7\u00e3o para a Agricultura e Deutsche Gesellschaft fur Technische Z.<br>1983 Melhor Fot\u00f3grafo, Jornal \u00daltima Hora de Bras\u00edlia.<br>1982 2o lugar &#8211; II Concurso de fotografia do UniCEUB, UniCEUB Centro Universit\u00e1rio de Bras\u00edlia.<\/p>\n\n\n\n<p class=\"wp-block-paragraph\">1981 Men\u00e7\u00e3o Honrosa no Concurso de fotografia., Revista Novidades em Bras\u00edlia.<\/p>\n\n\n\n<p class=\"wp-block-paragraph\">1980 3\u00b0 Lugar no Concurso de fotografia do Suplemento Feminino do jornal O Estado de S\u00e3o Paulo., O Estado de S\u00e3o Paulo.<\/p>\n\n\n\n<p class=\"wp-block-paragraph\">1975 2\u00b0 Pr\u00eamio no 1\u00b0 Sal\u00e3o Universit\u00e1rio de Artes Pl\u00e1sticas de S\u00e3o Paulo.<\/p>\n\n\n\n<p class=\"wp-block-paragraph\">1975 Men\u00e7\u00e3o Honrosa, XI Mostra de alunos da FAAP &#8211; S\u00e3o Paulo.<br>1974 X Mostra de Artes Pl\u00e1sticas &#8211; 1o lugar, Funda\u00e7\u00e3o Armando Alvares Penteado.<\/p>\n\n\n\n<hr class=\"wp-block-separator has-alpha-channel-opacity\"\/>\n\n\n\n<p class=\"wp-block-paragraph\">EXPOSI\u00c7\u00d5ES INDIVIDUAIS E COLETIVAS<\/p>\n\n\n\n<ul class=\"wp-block-list\">\n<li>BRAS\u00cdLIA: PORTAL DO CERRADO &#8211; Programa de Educa\u00e7\u00e3o Ambiental Aeroporto Internacional de Bras\u00edlia.<\/li>\n\n\n\n<li>Bras\u00edlia Portal do Cerrado. Semana do Meio Ambiente 2015.. 2015.<\/li>\n\n\n\n<li>M\u00eas da Fotografia 2014. O Feminino e a Fotografia. 2014.<\/li>\n\n\n\n<li>Conex\u00f5es Art\u00edsticas.2013.<\/li>\n\n\n\n<li>Animais do Cerrado.2007.<\/li>\n\n\n\n<li>Semana do meio ambiente 2007.<\/li>\n\n\n\n<li>Semana do meio ambiente 2006.<\/li>\n\n\n\n<li>Demasiado Humano &#8211; Fotografias da Cole\u00e7\u00e3o Joaquim Paiva.2006.<\/li>\n\n\n\n<li>Bras\u00edlia uma cidade em Constru\u00e7\u00e3o.2006.<\/li>\n\n\n\n<li>Imagens m\u00e9dicas.2005.<\/li>\n\n\n\n<li> Bras\u00edlia 45 anos por 45 fot\u00f3grafos.2005.<\/li>\n\n\n\n<li>45 anos de Moda em Bras\u00edlia.2005.<\/li>\n\n\n\n<li>As Guardi\u00e3s das Nascentes. 2004.<\/li>\n\n\n\n<li>3a Feira de Arte e Cultura dos Jornalistas.<\/li>\n\n\n\n<li>A imagem do Meio Ambiente. 2004.<\/li>\n\n\n\n<li>As Guardi\u00e3s das Nascentes. 2003.<\/li>\n\n\n\n<li>M\u00eas da consci\u00eancia negra 2003.<\/li>\n\n\n\n<li>Punk-Skin. 1998.<\/li>\n\n\n\n<li>Fotografia Brasileira Contempor\u00e2nea &#8211; Cole\u00e7\u00e3o Joaquim Paiva. 1998.<\/li>\n\n\n\n<li>Verde Lente &#8211; fot\u00f3grafos brasileiros e a Natureza. 1997.<\/li>\n\n\n\n<li>Mostra coletiva de arte no TRT 10a Regi\u00e3o.<\/li>\n\n\n\n<li>Al\u00e9m da Imagem. 1994. Divis\u00e3o de Ensino Especial DF. 1994.<\/li>\n\n\n\n<li>Women &#8211; Mulheres III. 1993.<\/li>\n\n\n\n<li>Women II. 1993.<\/li>\n\n\n\n<li>Semana do Meio Ambiente \/1992.<\/li>\n\n\n\n<li>Contrastes e Confrontos &#8211; Di\u00e1logo entre dez fot\u00f3grafos. 1992.<\/li>\n\n\n\n<li>4 linguagens &#8211; 4 fot\u00f3grafos. 1992.<\/li>\n\n\n\n<li>Women II. 1992.<\/li>\n\n\n\n<li>Women. 1991.<\/li>\n\n\n\n<li>XI Exposi\u00e7\u00e3o Internacional de Fotografia de Nova Delhi. 1987.<\/li>\n\n\n\n<li>Espeleofotos. 1983.<\/li>\n\n\n\n<li>Pela pr\u00f3pria NATUREZA. 1983.<\/li>\n\n\n\n<li>Araguaia &#8211; Paraupava. 1983.<\/li>\n\n\n\n<li>Araguaia &#8211; Paraupava. 1983. <\/li>\n\n\n\n<li>I Foto Centro-oeste. 1983.<\/li>\n\n\n\n<li>Trabalho. 1982. <\/li>\n\n\n\n<li>Hecho em Latino Am\u00e9rica 2. Segundo Col\u00f3quio Latino-americano de fotografia. 1981. <\/li>\n\n\n\n<li>Auto-retrato. 1981.<\/li>\n\n\n\n<li>O Homem Brasileiro e Suas Ra\u00edzes Culturais.<\/li>\n\n\n\n<li>Litoral. 1979.<\/li>\n\n\n\n<li>Florestas, poesia e fotos. 1978.<\/li>\n\n\n\n<li>Encontro de poetas. 1977.<\/li>\n\n\n\n<li>Mostra Coletiva de fotografias de S\u00e3o Carlos.<\/li>\n\n\n\n<li>Pinturas Xerox Heliografias Desenhos. 1975.<\/li>\n\n\n\n<li>1o Sal\u00e3o Universit\u00e1rio de Artes Pl\u00e1sticas.1975.<\/li>\n\n\n\n<li>8o Sal\u00e3o de Arte Contempor\u00e2nea de Santo Andr\u00e9. 1975.<\/li>\n\n\n\n<li>O que preocupa voc\u00ea? PHOTOUSP 75. 1975.<\/li>\n\n\n\n<li>Foto-grafias. 1975.<\/li>\n\n\n\n<li>I Exposi\u00e7\u00e3o Coletiva de Fotografias no Cineclube Pau-de-arara. 1975.<\/li>\n\n\n\n<li>Movimento Cultural &#8216;Rodrigues Alves&#8217;. 1975.<\/li>\n\n\n\n<li>XIII Bienal de S\u00e3o Paulo. 1975.<\/li>\n\n\n\n<li>IV Encontro Jundiaiense de Arte. 1975.<\/li>\n\n\n\n<li>As coisas e as pessoas como eu vejo. 1973.<\/li>\n<\/ul>\n\n\n\n<hr class=\"wp-block-separator has-alpha-channel-opacity\"\/>\n\n\n\n<div class=\"wp-block-columns is-layout-flex wp-container-core-columns-is-layout-0e47273b wp-block-columns-is-layout-flex\">\n<div class=\"wp-block-column is-layout-flow wp-block-column-is-layout-flow\">\n<figure class=\"wp-block-image size-large\"><img loading=\"lazy\" decoding=\"async\" width=\"1024\" height=\"579\" src=\"https:\/\/terrana.com.br\/wp-content\/uploads\/2026\/08\/CACHORRO1-1024x579.jpg\" alt=\"\" class=\"wp-image-7880\" srcset=\"https:\/\/terrana.com.br\/wp-content\/uploads\/2026\/08\/CACHORRO1-1024x579.jpg 1024w, https:\/\/terrana.com.br\/wp-content\/uploads\/2026\/08\/CACHORRO1-300x170.jpg 300w, https:\/\/terrana.com.br\/wp-content\/uploads\/2026\/08\/CACHORRO1.jpg 1200w\" sizes=\"auto, (max-width: 1024px) 100vw, 1024px\" \/><figcaption class=\"wp-element-caption\">1o Sal\u00e3o Universit\u00e1rio de Artes Pl\u00e1sticas.1975.<br>2\u00b0 Pr\u00eamio no 1\u00b0 Sal\u00e3o Universit\u00e1rio de Artes Pl\u00e1sticas de S\u00e3o Paulo.<br><\/figcaption><\/figure>\n<\/div>\n\n\n\n<div class=\"wp-block-column is-layout-flow wp-block-column-is-layout-flow\">\n<figure class=\"wp-block-image size-large is-resized\"><img loading=\"lazy\" decoding=\"async\" width=\"1024\" height=\"653\" src=\"https:\/\/terrana.com.br\/wp-content\/uploads\/2026\/08\/CACHORRO2-1024x653.jpg\" alt=\"\" class=\"wp-image-7881\" style=\"aspect-ratio:1.568171435690851;width:522px;height:auto\" srcset=\"https:\/\/terrana.com.br\/wp-content\/uploads\/2026\/08\/CACHORRO2-1024x653.jpg 1024w, https:\/\/terrana.com.br\/wp-content\/uploads\/2026\/08\/CACHORRO2-300x191.jpg 300w, https:\/\/terrana.com.br\/wp-content\/uploads\/2026\/08\/CACHORRO2.jpg 1200w\" sizes=\"auto, (max-width: 1024px) 100vw, 1024px\" \/><figcaption class=\"wp-element-caption\">1974 X Mostra de Artes Pl\u00e1sticas &#8211; 1o lugar, Funda\u00e7\u00e3o Armando Alvares Penteado.<\/figcaption><\/figure>\n<\/div>\n<\/div>\n\n\n\n<hr class=\"wp-block-separator has-alpha-channel-opacity\"\/>\n\n\n\n<div class=\"wp-block-columns is-layout-flex wp-container-core-columns-is-layout-0e47273b wp-block-columns-is-layout-flex\">\n<div class=\"wp-block-column is-layout-flow wp-block-column-is-layout-flow\">\n<figure class=\"wp-block-image alignleft size-large is-resized\"><img loading=\"lazy\" decoding=\"async\" width=\"763\" height=\"1024\" src=\"https:\/\/terrana.com.br\/wp-content\/uploads\/2026\/08\/rosto1-763x1024.jpg\" alt=\"\" class=\"wp-image-7885\" style=\"aspect-ratio:0.7451258978609203;width:391px;height:auto\" srcset=\"https:\/\/terrana.com.br\/wp-content\/uploads\/2026\/08\/rosto1-763x1024.jpg 763w, https:\/\/terrana.com.br\/wp-content\/uploads\/2026\/08\/rosto1-224x300.jpg 224w, https:\/\/terrana.com.br\/wp-content\/uploads\/2026\/08\/rosto1-767x1030.jpg 767w, https:\/\/terrana.com.br\/wp-content\/uploads\/2026\/08\/rosto1-600x805.jpg 600w, https:\/\/terrana.com.br\/wp-content\/uploads\/2026\/08\/rosto1.jpg 894w\" sizes=\"auto, (max-width: 763px) 100vw, 763px\" \/><figcaption class=\"wp-element-caption\">Araguaia &#8211; Paraupava. EXPOSI\u00c7\u00c3O INDIVIDUAL. 1983. <\/figcaption><\/figure>\n\n\n\n<p class=\"wp-block-paragraph\">Araguaia Paraupava foi uma exposi\u00e7\u00e3o resultado de uma viagem de 30 dias pelo rio Araguaia, na altura da Ilha do Bananal.<\/p>\n<\/div>\n\n\n\n<div class=\"wp-block-column is-layout-flow wp-block-column-is-layout-flow\">\n<figure class=\"wp-block-image alignleft size-full\"><img loading=\"lazy\" decoding=\"async\" width=\"400\" height=\"600\" src=\"https:\/\/terrana.com.br\/wp-content\/uploads\/2026\/08\/IMG_0001-1.jpg\" alt=\"\" class=\"wp-image-7886\" srcset=\"https:\/\/terrana.com.br\/wp-content\/uploads\/2026\/08\/IMG_0001-1.jpg 400w, https:\/\/terrana.com.br\/wp-content\/uploads\/2026\/08\/IMG_0001-1-200x300.jpg 200w\" sizes=\"auto, (max-width: 400px) 100vw, 400px\" \/><\/figure>\n<\/div>\n<\/div>\n\n\n\n<hr class=\"wp-block-separator has-alpha-channel-opacity\"\/>\n\n\n\n<div class=\"wp-block-columns is-layout-flex wp-container-core-columns-is-layout-0e47273b wp-block-columns-is-layout-flex\">\n<div class=\"wp-block-column is-layout-flow wp-block-column-is-layout-flow\">\n<figure class=\"wp-block-image size-full\"><img loading=\"lazy\" decoding=\"async\" width=\"400\" height=\"600\" src=\"https:\/\/terrana.com.br\/wp-content\/uploads\/2026\/08\/IMG_9961-1.jpg\" alt=\"\" class=\"wp-image-7890\" srcset=\"https:\/\/terrana.com.br\/wp-content\/uploads\/2026\/08\/IMG_9961-1.jpg 400w, https:\/\/terrana.com.br\/wp-content\/uploads\/2026\/08\/IMG_9961-1-200x300.jpg 200w\" sizes=\"auto, (max-width: 400px) 100vw, 400px\" \/><\/figure>\n<\/div>\n\n\n\n<div class=\"wp-block-column is-layout-flow wp-block-column-is-layout-flow\">\n<figure class=\"wp-block-image size-full\"><img loading=\"lazy\" decoding=\"async\" width=\"400\" height=\"600\" src=\"https:\/\/terrana.com.br\/wp-content\/uploads\/2026\/08\/IMG_9963-1.jpg\" alt=\"\" class=\"wp-image-7971\" srcset=\"https:\/\/terrana.com.br\/wp-content\/uploads\/2026\/08\/IMG_9963-1.jpg 400w, https:\/\/terrana.com.br\/wp-content\/uploads\/2026\/08\/IMG_9963-1-200x300.jpg 200w\" sizes=\"auto, (max-width: 400px) 100vw, 400px\" \/><figcaption class=\"wp-element-caption\">2\u00ba Mes de Fotograf\u00eda Latinoamericana \u2013 La Plata \u2013 1998.<\/figcaption><\/figure>\n<\/div>\n\n\n\n<div class=\"wp-block-column is-layout-flow wp-block-column-is-layout-flow\">\n<figure class=\"wp-block-image size-full\"><img loading=\"lazy\" decoding=\"async\" width=\"400\" height=\"600\" src=\"https:\/\/terrana.com.br\/wp-content\/uploads\/2026\/08\/IMG_9962-1.jpg\" alt=\"\" class=\"wp-image-7970\" srcset=\"https:\/\/terrana.com.br\/wp-content\/uploads\/2026\/08\/IMG_9962-1.jpg 400w, https:\/\/terrana.com.br\/wp-content\/uploads\/2026\/08\/IMG_9962-1-200x300.jpg 200w\" sizes=\"auto, (max-width: 400px) 100vw, 400px\" \/><\/figure>\n<\/div>\n<\/div>\n\n\nngg_shortcode_2_placeholder\n\n\n\n<hr class=\"wp-block-separator has-alpha-channel-opacity\"\/>\n\n\n\n<div class=\"wp-block-media-text is-stacked-on-mobile\"><figure class=\"wp-block-media-text__media\"><img loading=\"lazy\" decoding=\"async\" width=\"900\" height=\"588\" src=\"https:\/\/terrana.com.br\/wp-content\/uploads\/2026\/08\/E-Mail-Mkt-Exposicao-hospital-brasilia-2007.jpg\" alt=\"\" class=\"wp-image-7887 size-full\" srcset=\"https:\/\/terrana.com.br\/wp-content\/uploads\/2026\/08\/E-Mail-Mkt-Exposicao-hospital-brasilia-2007.jpg 900w, https:\/\/terrana.com.br\/wp-content\/uploads\/2026\/08\/E-Mail-Mkt-Exposicao-hospital-brasilia-2007-300x196.jpg 300w\" sizes=\"auto, (max-width: 900px) 100vw, 900px\" \/><\/figure><div class=\"wp-block-media-text__content\">\n<p class=\"wp-block-paragraph\">Exposi\u00e7\u00e3o Individual sobre Imagens M\u00e9dicas. 2005. Esplananda dos Minist\u00e9rios.<\/p>\n<\/div><\/div>\n\n\n\n<hr class=\"wp-block-separator has-alpha-channel-opacity\"\/>\n\n\n\n<div class=\"wp-block-columns is-layout-flex wp-container-core-columns-is-layout-0e47273b wp-block-columns-is-layout-flex\">\n<div class=\"wp-block-column is-layout-flow wp-block-column-is-layout-flow\">\n<figure class=\"wp-block-image alignleft size-full is-resized\"><img loading=\"lazy\" decoding=\"async\" width=\"600\" height=\"400\" src=\"https:\/\/terrana.com.br\/wp-content\/uploads\/2026\/08\/IMG_9957-1.jpg\" alt=\"\" class=\"wp-image-7896\" style=\"aspect-ratio:1.500019862551146;width:429px;height:auto\" srcset=\"https:\/\/terrana.com.br\/wp-content\/uploads\/2026\/08\/IMG_9957-1.jpg 600w, https:\/\/terrana.com.br\/wp-content\/uploads\/2026\/08\/IMG_9957-1-300x200.jpg 300w\" sizes=\"auto, (max-width: 600px) 100vw, 600px\" \/><\/figure>\n\n\n\n<p class=\"wp-block-paragraph\">Semana do Meio Ambiente 1992 . Banco Central. Exposi\u00e7\u00e3o Coletiva.<\/p>\n<\/div>\n\n\n\n<div class=\"wp-block-column is-layout-flow wp-block-column-is-layout-flow\">\n<figure class=\"wp-block-image alignleft size-full is-resized\"><img loading=\"lazy\" decoding=\"async\" width=\"600\" height=\"400\" src=\"https:\/\/terrana.com.br\/wp-content\/uploads\/2026\/08\/IMG_9958-1.jpg\" alt=\"\" class=\"wp-image-7897\" style=\"aspect-ratio:1.500019862551146;width:427px;height:auto\" srcset=\"https:\/\/terrana.com.br\/wp-content\/uploads\/2026\/08\/IMG_9958-1.jpg 600w, https:\/\/terrana.com.br\/wp-content\/uploads\/2026\/08\/IMG_9958-1-300x200.jpg 300w\" sizes=\"auto, (max-width: 600px) 100vw, 600px\" \/><\/figure>\n<\/div>\n<\/div>\n\n\n\n<hr class=\"wp-block-separator has-alpha-channel-opacity\"\/>\n\n\n\n<div class=\"wp-block-columns is-layout-flex wp-container-core-columns-is-layout-0e47273b wp-block-columns-is-layout-flex\">\n<div class=\"wp-block-column is-layout-flow wp-block-column-is-layout-flow\">\n<figure class=\"wp-block-image size-full is-resized\"><img loading=\"lazy\" decoding=\"async\" width=\"400\" height=\"600\" src=\"https:\/\/terrana.com.br\/wp-content\/uploads\/2026\/08\/IMG_9926.jpg\" alt=\"\" class=\"wp-image-7901\" style=\"width:391px;height:auto\" srcset=\"https:\/\/terrana.com.br\/wp-content\/uploads\/2026\/08\/IMG_9926.jpg 400w, https:\/\/terrana.com.br\/wp-content\/uploads\/2026\/08\/IMG_9926-200x300.jpg 200w\" sizes=\"auto, (max-width: 400px) 100vw, 400px\" \/><figcaption class=\"wp-element-caption\">Cl\u00e1udia Giselle<\/figcaption><\/figure>\n<\/div>\n\n\n\n<div class=\"wp-block-column is-layout-flow wp-block-column-is-layout-flow\">\n<figure class=\"wp-block-image aligncenter size-full is-resized\"><img loading=\"lazy\" decoding=\"async\" width=\"600\" height=\"400\" src=\"https:\/\/terrana.com.br\/wp-content\/uploads\/2026\/08\/MG_9916.jpg\" alt=\"\" class=\"wp-image-7900\" style=\"width:457px;height:auto\" srcset=\"https:\/\/terrana.com.br\/wp-content\/uploads\/2026\/08\/MG_9916.jpg 600w, https:\/\/terrana.com.br\/wp-content\/uploads\/2026\/08\/MG_9916-300x200.jpg 300w\" sizes=\"auto, (max-width: 600px) 100vw, 600px\" \/><\/figure>\n\n\n\n<p class=\"wp-block-paragraph\">Exposi\u00e7\u00e3o Individual em 1991 na Casa Thomas Jefferson. <\/p>\n<\/div>\n<\/div>\n\n\n\n<hr class=\"wp-block-separator has-alpha-channel-opacity\"\/>\n\n\n\n<p class=\"has-text-align-center wp-block-paragraph\">Premi\u00e7\u00e3o Suplemento Feminino do Estado de S\u00e3o Paulo.<\/p>\n\n\nngg_shortcode_3_placeholder\n\n\n\n<div class=\"wp-block-media-text is-stacked-on-mobile\" style=\"grid-template-columns:32% auto\"><figure class=\"wp-block-media-text__media\"><img loading=\"lazy\" decoding=\"async\" width=\"400\" height=\"600\" src=\"https:\/\/terrana.com.br\/wp-content\/uploads\/2026\/08\/IMG_9929.jpg\" alt=\"\" class=\"wp-image-7912 size-full\" srcset=\"https:\/\/terrana.com.br\/wp-content\/uploads\/2026\/08\/IMG_9929.jpg 400w, https:\/\/terrana.com.br\/wp-content\/uploads\/2026\/08\/IMG_9929-200x300.jpg 200w\" sizes=\"auto, (max-width: 400px) 100vw, 400px\" \/><\/figure><div class=\"wp-block-media-text__content\">\n<p class=\"wp-block-paragraph\">Esta foto foi realizada em 1980, durante um ensaio com o artista Ivald Granato. Com ela, conquistei o <strong>3\u00ba lugar no Concurso de Fotografia do Suplemento Feminino do jornal O Estado de S. Paulo<\/strong>.<\/p>\n<\/div><\/div>\n\n\n\n<hr class=\"wp-block-separator has-alpha-channel-opacity\"\/>\n\n\n\n<div class=\"wp-block-columns is-layout-flex wp-container-core-columns-is-layout-0e47273b wp-block-columns-is-layout-flex\">\n<div class=\"wp-block-column is-layout-flow wp-block-column-is-layout-flow\">\n<figure class=\"wp-block-image size-full\"><img loading=\"lazy\" decoding=\"async\" width=\"400\" height=\"600\" src=\"https:\/\/terrana.com.br\/wp-content\/uploads\/2026\/08\/MG_9913-1.jpg\" alt=\"\" class=\"wp-image-7920\" srcset=\"https:\/\/terrana.com.br\/wp-content\/uploads\/2026\/08\/MG_9913-1.jpg 400w, https:\/\/terrana.com.br\/wp-content\/uploads\/2026\/08\/MG_9913-1-200x300.jpg 200w\" sizes=\"auto, (max-width: 400px) 100vw, 400px\" \/><\/figure>\n\n\n\n<p class=\"wp-block-paragraph\">Exposi\u00e7\u00e3o individual sobre imagens feitas em cavernas existentes no entorno de Bras\u00edlia, quando acompanhei o pessoal do Espeleogrupo de Bras\u00edlia.<\/p>\n\n\n\n<p class=\"wp-block-paragraph\">Espeleofotos. 1983.<\/p>\n<\/div>\n\n\n\n<div class=\"wp-block-column is-layout-flow wp-block-column-is-layout-flow\">\n<figure class=\"wp-block-image aligncenter size-full\"><img loading=\"lazy\" decoding=\"async\" width=\"600\" height=\"415\" src=\"https:\/\/terrana.com.br\/wp-content\/uploads\/2026\/08\/MG_9915-2.jpg\" alt=\"\" class=\"wp-image-7918\" srcset=\"https:\/\/terrana.com.br\/wp-content\/uploads\/2026\/08\/MG_9915-2.jpg 600w, https:\/\/terrana.com.br\/wp-content\/uploads\/2026\/08\/MG_9915-2-300x208.jpg 300w\" sizes=\"auto, (max-width: 600px) 100vw, 600px\" \/><\/figure>\n\n\n\n<p class=\"wp-block-paragraph\">Exposi\u00e7\u00e3o individual no Centro Hist\u00f3rico e Geogr\u00e1fico de Bras\u00edlia.<\/p>\n<\/div>\n<\/div>\n\n\nngg_shortcode_4_placeholder\n\n\n\n<hr class=\"wp-block-separator has-alpha-channel-opacity\"\/>\n\n\n\n<div class=\"wp-block-media-text is-stacked-on-mobile\" style=\"grid-template-columns:28% auto\"><figure class=\"wp-block-media-text__media\"><img loading=\"lazy\" decoding=\"async\" width=\"400\" height=\"600\" src=\"https:\/\/terrana.com.br\/wp-content\/uploads\/2026\/08\/IMG_9937-1.jpg\" alt=\"\" class=\"wp-image-7935 size-full\" srcset=\"https:\/\/terrana.com.br\/wp-content\/uploads\/2026\/08\/IMG_9937-1.jpg 400w, https:\/\/terrana.com.br\/wp-content\/uploads\/2026\/08\/IMG_9937-1-200x300.jpg 200w\" sizes=\"auto, (max-width: 400px) 100vw, 400px\" \/><\/figure><div class=\"wp-block-media-text__content\">\n<p class=\"wp-block-paragraph\">IV Encontro Jundiaiense de Arte. 1975. <\/p>\n\n\n\n<p class=\"wp-block-paragraph\">Parque Municipal Comendador Antonio Carbonari, em Jundia\u00ed.<\/p>\n<\/div><\/div>\n\n\n\n<hr class=\"wp-block-separator has-alpha-channel-opacity\"\/>\n\n\n\n<div class=\"wp-block-media-text is-stacked-on-mobile\" style=\"grid-template-columns:48% auto\"><figure class=\"wp-block-media-text__media\"><img loading=\"lazy\" decoding=\"async\" width=\"600\" height=\"400\" src=\"https:\/\/terrana.com.br\/wp-content\/uploads\/2026\/08\/IMG_9938-1.jpg\" alt=\"\" class=\"wp-image-7946 size-full\" srcset=\"https:\/\/terrana.com.br\/wp-content\/uploads\/2026\/08\/IMG_9938-1.jpg 600w, https:\/\/terrana.com.br\/wp-content\/uploads\/2026\/08\/IMG_9938-1-300x200.jpg 300w\" sizes=\"auto, (max-width: 600px) 100vw, 600px\" \/><\/figure><div class=\"wp-block-media-text__content\">\n<p class=\"wp-block-paragraph\">Exposi\u00e7\u00e3o Coletiva do Cine Clube Pau de Arara. 1975.<\/p>\n<\/div><\/div>\n\n\nngg_shortcode_5_placeholder\n\n\n\n<hr class=\"wp-block-separator has-alpha-channel-opacity\"\/>\n\n\n\n<div class=\"wp-block-columns is-layout-flex wp-container-core-columns-is-layout-0e47273b wp-block-columns-is-layout-flex\">\n<div class=\"wp-block-column is-layout-flow wp-block-column-is-layout-flow\">\n<figure class=\"wp-block-image size-full\"><img loading=\"lazy\" decoding=\"async\" width=\"400\" height=\"600\" src=\"https:\/\/terrana.com.br\/wp-content\/uploads\/2026\/08\/IMG_9934.jpg\" alt=\"\" class=\"wp-image-7950\" srcset=\"https:\/\/terrana.com.br\/wp-content\/uploads\/2026\/08\/IMG_9934.jpg 400w, https:\/\/terrana.com.br\/wp-content\/uploads\/2026\/08\/IMG_9934-200x300.jpg 200w\" sizes=\"auto, (max-width: 400px) 100vw, 400px\" \/><\/figure>\n<\/div>\n\n\n\n<div class=\"wp-block-column is-layout-flow wp-block-column-is-layout-flow\">\n<figure class=\"wp-block-image size-full\"><img loading=\"lazy\" decoding=\"async\" width=\"400\" height=\"600\" src=\"https:\/\/terrana.com.br\/wp-content\/uploads\/2026\/08\/IMG_9935.jpg\" alt=\"\" class=\"wp-image-7951\" srcset=\"https:\/\/terrana.com.br\/wp-content\/uploads\/2026\/08\/IMG_9935.jpg 400w, https:\/\/terrana.com.br\/wp-content\/uploads\/2026\/08\/IMG_9935-200x300.jpg 200w\" sizes=\"auto, (max-width: 400px) 100vw, 400px\" \/><figcaption class=\"wp-element-caption\">Exposi\u00e7\u00e3o Coletiva, PELA PR\u00d3PRIA NATUREZA. 1983.<\/figcaption><\/figure>\n<\/div>\n\n\n\n<div class=\"wp-block-column is-layout-flow wp-block-column-is-layout-flow\">\n<figure class=\"wp-block-image size-full\"><img loading=\"lazy\" decoding=\"async\" width=\"400\" height=\"600\" src=\"https:\/\/terrana.com.br\/wp-content\/uploads\/2026\/08\/IMG_9936.jpg\" alt=\"\" class=\"wp-image-7952\" srcset=\"https:\/\/terrana.com.br\/wp-content\/uploads\/2026\/08\/IMG_9936.jpg 400w, https:\/\/terrana.com.br\/wp-content\/uploads\/2026\/08\/IMG_9936-200x300.jpg 200w\" sizes=\"auto, (max-width: 400px) 100vw, 400px\" \/><\/figure>\n<\/div>\n<\/div>\n\n\n\n<hr class=\"wp-block-separator has-alpha-channel-opacity\"\/>\n\n\n\n<p class=\"wp-block-paragraph\"><\/p>\n\n\n\n<div class=\"wp-block-columns is-layout-flex wp-container-core-columns-is-layout-0e47273b wp-block-columns-is-layout-flex\">\n<div class=\"wp-block-column is-layout-flow wp-block-column-is-layout-flow\" style=\"flex-basis:25%\">\n<figure class=\"wp-block-image size-full\"><img loading=\"lazy\" decoding=\"async\" width=\"400\" height=\"600\" src=\"https:\/\/terrana.com.br\/wp-content\/uploads\/2026\/08\/IMG_9943.jpg\" alt=\"\" class=\"wp-image-7959\" srcset=\"https:\/\/terrana.com.br\/wp-content\/uploads\/2026\/08\/IMG_9943.jpg 400w, https:\/\/terrana.com.br\/wp-content\/uploads\/2026\/08\/IMG_9943-200x300.jpg 200w\" sizes=\"auto, (max-width: 400px) 100vw, 400px\" \/><figcaption class=\"wp-element-caption\">Pesquisa visual com c\u00f3pias heliogr\u00e1ficas e xerox, \u00e0 partir de fotografias.<\/figcaption><\/figure>\n<\/div>\n\n\n\n<div class=\"wp-block-column is-layout-flow wp-block-column-is-layout-flow\" style=\"flex-basis:50%\">\n<figure class=\"wp-block-image size-full\"><img loading=\"lazy\" decoding=\"async\" width=\"600\" height=\"400\" src=\"https:\/\/terrana.com.br\/wp-content\/uploads\/2026\/08\/IMG_9948.jpg\" alt=\"\" class=\"wp-image-7956\" srcset=\"https:\/\/terrana.com.br\/wp-content\/uploads\/2026\/08\/IMG_9948.jpg 600w, https:\/\/terrana.com.br\/wp-content\/uploads\/2026\/08\/IMG_9948-300x200.jpg 300w\" sizes=\"auto, (max-width: 600px) 100vw, 600px\" \/><figcaption class=\"wp-element-caption\">PHOTOUSP &#8211; MOSTRA DE FOTOGRAFIA COLETIVA NA ESCOLA POLIT\u00c9CNICA DA USP. <\/figcaption><\/figure>\n<\/div>\n\n\n\n<div class=\"wp-block-column is-layout-flow wp-block-column-is-layout-flow\" style=\"flex-basis:25%\">\n<figure class=\"wp-block-image size-full\"><img loading=\"lazy\" decoding=\"async\" width=\"600\" height=\"400\" src=\"https:\/\/terrana.com.br\/wp-content\/uploads\/2026\/08\/IMG_9947.jpg\" alt=\"\" class=\"wp-image-7955\" srcset=\"https:\/\/terrana.com.br\/wp-content\/uploads\/2026\/08\/IMG_9947.jpg 600w, https:\/\/terrana.com.br\/wp-content\/uploads\/2026\/08\/IMG_9947-300x200.jpg 300w\" sizes=\"auto, (max-width: 600px) 100vw, 600px\" \/><figcaption class=\"wp-element-caption\"><strong>Foto-grafias. 1975.<\/strong><\/figcaption><\/figure>\n<\/div>\n<\/div>\n\n\n\n<hr class=\"wp-block-separator has-alpha-channel-opacity\"\/>\n\n\n\n<div class=\"wp-block-media-text is-stacked-on-mobile\" style=\"grid-template-columns:28% auto\"><figure class=\"wp-block-media-text__media\"><img loading=\"lazy\" decoding=\"async\" width=\"448\" height=\"600\" src=\"https:\/\/terrana.com.br\/wp-content\/uploads\/2026\/08\/IMG_9951.jpg\" alt=\"\" class=\"wp-image-7962 size-full\" srcset=\"https:\/\/terrana.com.br\/wp-content\/uploads\/2026\/08\/IMG_9951.jpg 448w, https:\/\/terrana.com.br\/wp-content\/uploads\/2026\/08\/IMG_9951-224x300.jpg 224w\" sizes=\"auto, (max-width: 448px) 100vw, 448px\" \/><\/figure><div class=\"wp-block-media-text__content\">\n<p class=\"wp-block-paragraph\">8 Sal\u00e3o de Arte Contempor\u00e2nea de Santo Andr\u00e9. 1975.<\/p>\n<\/div><\/div>\n\n\n\n<hr class=\"wp-block-separator has-alpha-channel-opacity\"\/>\n\n\n\n<div class=\"wp-block-columns is-layout-flex wp-container-core-columns-is-layout-0e47273b wp-block-columns-is-layout-flex\">\n<div class=\"wp-block-column is-layout-flow wp-block-column-is-layout-flow\">\n<figure class=\"wp-block-image alignleft size-full\"><img loading=\"lazy\" decoding=\"async\" width=\"409\" height=\"600\" src=\"https:\/\/terrana.com.br\/wp-content\/uploads\/2026\/08\/IMG_9953-1.jpg\" alt=\"\" class=\"wp-image-7965\" srcset=\"https:\/\/terrana.com.br\/wp-content\/uploads\/2026\/08\/IMG_9953-1.jpg 409w, https:\/\/terrana.com.br\/wp-content\/uploads\/2026\/08\/IMG_9953-1-205x300.jpg 205w\" sizes=\"auto, (max-width: 409px) 100vw, 409px\" \/><figcaption class=\"wp-element-caption\">4 linguagens &#8211; 4 fot\u00f3grafos. 1992.<\/figcaption><\/figure>\n\n\n\n<p class=\"has-text-align-left wp-block-paragraph\">4 linguagens &#8211; 4 fot\u00f3grafos. 1992.<\/p>\n\n\n\n<p class=\"wp-block-paragraph\">Funda\u00e7\u00e3o Cultural do DF &#8211; Galeria Athos Bulc\u00e3o.<\/p>\n<\/div>\n\n\n\n<div class=\"wp-block-column is-layout-flow wp-block-column-is-layout-flow\"><\/div>\n<\/div>\n\n\n\n<hr class=\"wp-block-separator has-alpha-channel-opacity\"\/>\n\n\n\n<p class=\"wp-block-paragraph\">Exposi\u00e7\u00e3o coletiva &#8211; O Homem Brasileiro e Suas Ra\u00edzes Culturais &#8211; Museu de Arte de S\u00e3o Paulo. 1980.<\/p>\n\n\n\n<div class=\"wp-block-columns is-layout-flex wp-container-core-columns-is-layout-0e47273b wp-block-columns-is-layout-flex\">\n<div class=\"wp-block-column is-layout-flow wp-block-column-is-layout-flow\">\n<figure class=\"wp-block-image size-full\"><img loading=\"lazy\" decoding=\"async\" width=\"490\" height=\"600\" src=\"https:\/\/terrana.com.br\/wp-content\/uploads\/2026\/08\/IMG_9969-1.jpg\" alt=\"\" class=\"wp-image-7992\" srcset=\"https:\/\/terrana.com.br\/wp-content\/uploads\/2026\/08\/IMG_9969-1.jpg 490w, https:\/\/terrana.com.br\/wp-content\/uploads\/2026\/08\/IMG_9969-1-245x300.jpg 245w\" sizes=\"auto, (max-width: 490px) 100vw, 490px\" \/><\/figure>\n<\/div>\n\n\n\n<div class=\"wp-block-column is-layout-flow wp-block-column-is-layout-flow\">\n<figure class=\"wp-block-image size-full\"><img loading=\"lazy\" decoding=\"async\" width=\"600\" height=\"429\" src=\"https:\/\/terrana.com.br\/wp-content\/uploads\/2026\/08\/IMG_9968-1.jpg\" alt=\"\" class=\"wp-image-7991\" srcset=\"https:\/\/terrana.com.br\/wp-content\/uploads\/2026\/08\/IMG_9968-1.jpg 600w, https:\/\/terrana.com.br\/wp-content\/uploads\/2026\/08\/IMG_9968-1-300x215.jpg 300w\" sizes=\"auto, (max-width: 600px) 100vw, 600px\" \/><\/figure>\n<\/div>\n<\/div>\n\n\nngg_shortcode_6_placeholder\n\n\n\n<hr class=\"wp-block-separator has-alpha-channel-opacity\"\/>\n\n\n\n<div class=\"wp-block-columns is-layout-flex wp-container-core-columns-is-layout-0e47273b wp-block-columns-is-layout-flex\">\n<div class=\"wp-block-column is-layout-flow wp-block-column-is-layout-flow\">\n<figure class=\"wp-block-image size-full\"><img loading=\"lazy\" decoding=\"async\" width=\"600\" height=\"400\" src=\"https:\/\/terrana.com.br\/wp-content\/uploads\/2026\/08\/IMG_0039-2.jpg\" alt=\"\" class=\"wp-image-8009\" srcset=\"https:\/\/terrana.com.br\/wp-content\/uploads\/2026\/08\/IMG_0039-2.jpg 600w, https:\/\/terrana.com.br\/wp-content\/uploads\/2026\/08\/IMG_0039-2-300x200.jpg 300w\" sizes=\"auto, (max-width: 600px) 100vw, 600px\" \/><figcaption class=\"wp-element-caption\">Araguaia &#8211; Paraupava. 1983. Centro Cultural de S\u00e3o Paulo.<\/figcaption><\/figure>\n<\/div>\n\n\n\n<div class=\"wp-block-column is-layout-flow wp-block-column-is-layout-flow\">\n<figure class=\"wp-block-image size-full\"><img loading=\"lazy\" decoding=\"async\" width=\"444\" height=\"600\" src=\"https:\/\/terrana.com.br\/wp-content\/uploads\/2026\/08\/IMG_0040.jpg\" alt=\"\" class=\"wp-image-8008\" srcset=\"https:\/\/terrana.com.br\/wp-content\/uploads\/2026\/08\/IMG_0040.jpg 444w, https:\/\/terrana.com.br\/wp-content\/uploads\/2026\/08\/IMG_0040-222x300.jpg 222w\" sizes=\"auto, (max-width: 444px) 100vw, 444px\" \/><\/figure>\n<\/div>\n<\/div>\n\n\n\n<hr class=\"wp-block-separator has-alpha-channel-opacity\"\/>\n\n\n\n<div class=\"wp-block-columns is-layout-flex wp-container-core-columns-is-layout-0e47273b wp-block-columns-is-layout-flex\">\n<div class=\"wp-block-column is-layout-flow wp-block-column-is-layout-flow\">\n<figure class=\"wp-block-image alignleft size-full is-resized\"><img loading=\"lazy\" decoding=\"async\" width=\"600\" height=\"400\" src=\"https:\/\/terrana.com.br\/wp-content\/uploads\/2026\/08\/IMG_0026-1.jpg\" alt=\"\" class=\"wp-image-8018\" style=\"aspect-ratio:1.500019862551146;width:530px;height:auto\" srcset=\"https:\/\/terrana.com.br\/wp-content\/uploads\/2026\/08\/IMG_0026-1.jpg 600w, https:\/\/terrana.com.br\/wp-content\/uploads\/2026\/08\/IMG_0026-1-300x200.jpg 300w\" sizes=\"auto, (max-width: 600px) 100vw, 600px\" \/><figcaption class=\"wp-element-caption\">Exposi\u00e7\u00e3o Coletiva durante a terceira semana da Fotografia de Bras\u00edlia.<\/figcaption><\/figure>\n<\/div>\n\n\n\n<div class=\"wp-block-column is-layout-flow wp-block-column-is-layout-flow\">\n<figure class=\"wp-block-image alignleft size-full\"><img loading=\"lazy\" decoding=\"async\" width=\"600\" height=\"400\" src=\"https:\/\/terrana.com.br\/wp-content\/uploads\/2026\/08\/IMG_0029-1.jpg\" alt=\"\" class=\"wp-image-8021\" srcset=\"https:\/\/terrana.com.br\/wp-content\/uploads\/2026\/08\/IMG_0029-1.jpg 600w, https:\/\/terrana.com.br\/wp-content\/uploads\/2026\/08\/IMG_0029-1-300x200.jpg 300w\" sizes=\"auto, (max-width: 600px) 100vw, 600px\" \/><\/figure>\n<\/div>\n<\/div>\n\n\n\n<div class=\"wp-block-columns is-layout-flex wp-container-core-columns-is-layout-0e47273b wp-block-columns-is-layout-flex\">\n<div class=\"wp-block-column is-layout-flow wp-block-column-is-layout-flow\">\n<figure class=\"wp-block-image size-full\"><img loading=\"lazy\" decoding=\"async\" width=\"600\" height=\"400\" src=\"https:\/\/terrana.com.br\/wp-content\/uploads\/2026\/08\/IMG_0027-1.jpg\" alt=\"\" class=\"wp-image-8019\" srcset=\"https:\/\/terrana.com.br\/wp-content\/uploads\/2026\/08\/IMG_0027-1.jpg 600w, https:\/\/terrana.com.br\/wp-content\/uploads\/2026\/08\/IMG_0027-1-300x200.jpg 300w\" sizes=\"auto, (max-width: 600px) 100vw, 600px\" \/><\/figure>\n<\/div>\n\n\n\n<div class=\"wp-block-column is-layout-flow wp-block-column-is-layout-flow\">\n<figure class=\"wp-block-image size-full\"><img loading=\"lazy\" decoding=\"async\" width=\"600\" height=\"400\" src=\"https:\/\/terrana.com.br\/wp-content\/uploads\/2026\/08\/IMG_0030-1.jpg\" alt=\"\" class=\"wp-image-8017\" srcset=\"https:\/\/terrana.com.br\/wp-content\/uploads\/2026\/08\/IMG_0030-1.jpg 600w, https:\/\/terrana.com.br\/wp-content\/uploads\/2026\/08\/IMG_0030-1-300x200.jpg 300w\" sizes=\"auto, (max-width: 600px) 100vw, 600px\" \/><\/figure>\n<\/div>\n<\/div>\n\n\n\n<hr class=\"wp-block-separator has-alpha-channel-opacity\"\/>\n\n\n\n<div class=\"wp-block-columns is-layout-flex wp-container-core-columns-is-layout-0e47273b wp-block-columns-is-layout-flex\">\n<div class=\"wp-block-column is-layout-flow wp-block-column-is-layout-flow\">\n<figure class=\"wp-block-image alignleft size-full\"><img loading=\"lazy\" decoding=\"async\" width=\"457\" height=\"600\" src=\"https:\/\/terrana.com.br\/wp-content\/uploads\/2026\/08\/IMG_0016.jpg\" alt=\"\" class=\"wp-image-8025\" srcset=\"https:\/\/terrana.com.br\/wp-content\/uploads\/2026\/08\/IMG_0016.jpg 457w, https:\/\/terrana.com.br\/wp-content\/uploads\/2026\/08\/IMG_0016-229x300.jpg 229w\" sizes=\"auto, (max-width: 457px) 100vw, 457px\" \/><figcaption class=\"wp-element-caption\"> 1982 Concurso de fotografia  do CEUB \/ 2 lugar.<\/figcaption><\/figure>\n<\/div>\n\n\n\n<div class=\"wp-block-column is-layout-flow wp-block-column-is-layout-flow\">\n<figure class=\"wp-block-image alignleft size-full\"><img loading=\"lazy\" decoding=\"async\" width=\"407\" height=\"600\" src=\"https:\/\/terrana.com.br\/wp-content\/uploads\/2026\/08\/IMG_0018.jpg\" alt=\"\" class=\"wp-image-8026\" srcset=\"https:\/\/terrana.com.br\/wp-content\/uploads\/2026\/08\/IMG_0018.jpg 407w, https:\/\/terrana.com.br\/wp-content\/uploads\/2026\/08\/IMG_0018-204x300.jpg 204w\" sizes=\"auto, (max-width: 407px) 100vw, 407px\" \/><\/figure>\n<\/div>\n<\/div>\n\n\n\n<hr class=\"wp-block-separator has-alpha-channel-opacity\"\/>\n\n\n\n<div class=\"wp-block-columns is-layout-flex wp-container-core-columns-is-layout-0e47273b wp-block-columns-is-layout-flex\">\n<div class=\"wp-block-column is-layout-flow wp-block-column-is-layout-flow\">\n<figure class=\"wp-block-image alignleft size-full is-resized\"><img loading=\"lazy\" decoding=\"async\" width=\"600\" height=\"400\" src=\"https:\/\/terrana.com.br\/wp-content\/uploads\/2026\/08\/IMG_0019.jpg\" alt=\"\" class=\"wp-image-8032\" style=\"aspect-ratio:1.500019862551146;width:504px;height:auto\" srcset=\"https:\/\/terrana.com.br\/wp-content\/uploads\/2026\/08\/IMG_0019.jpg 600w, https:\/\/terrana.com.br\/wp-content\/uploads\/2026\/08\/IMG_0019-300x200.jpg 300w\" sizes=\"auto, (max-width: 600px) 100vw, 600px\" \/><figcaption class=\"wp-element-caption\">Concurso fotogr\u00e1fico Sindicato da constru\u00e7\u00e3o civil do DF.<br>Pr\u00eamio de Mens\u00e3o Honrosa.<\/figcaption><\/figure>\n<\/div>\n\n\n\n<div class=\"wp-block-column is-layout-flow wp-block-column-is-layout-flow\">\n<figure class=\"wp-block-image size-full\"><img loading=\"lazy\" decoding=\"async\" width=\"600\" height=\"338\" src=\"https:\/\/terrana.com.br\/wp-content\/uploads\/2026\/08\/IMG_0020.jpg\" alt=\"\" class=\"wp-image-8033\" srcset=\"https:\/\/terrana.com.br\/wp-content\/uploads\/2026\/08\/IMG_0020.jpg 600w, https:\/\/terrana.com.br\/wp-content\/uploads\/2026\/08\/IMG_0020-300x169.jpg 300w\" sizes=\"auto, (max-width: 600px) 100vw, 600px\" \/><\/figure>\n<\/div>\n<\/div>\n\n\n\n<hr class=\"wp-block-separator has-alpha-channel-opacity\"\/>\n\n\n\n<div class=\"wp-block-columns is-layout-flex wp-container-core-columns-is-layout-0e47273b wp-block-columns-is-layout-flex\">\n<div class=\"wp-block-column is-layout-flow wp-block-column-is-layout-flow\">\n<figure class=\"wp-block-image size-full\"><img loading=\"lazy\" decoding=\"async\" width=\"600\" height=\"400\" src=\"https:\/\/terrana.com.br\/wp-content\/uploads\/2026\/08\/IMG_0015.jpg\" alt=\"\" class=\"wp-image-8031\" srcset=\"https:\/\/terrana.com.br\/wp-content\/uploads\/2026\/08\/IMG_0015.jpg 600w, https:\/\/terrana.com.br\/wp-content\/uploads\/2026\/08\/IMG_0015-300x200.jpg 300w\" sizes=\"auto, (max-width: 600px) 100vw, 600px\" \/><figcaption class=\"wp-element-caption\">Concurso de fotografia  do Instituto Interamericano de Coopera\u00e7\u00e3o para a Agricultura. Mens\u00e3o Honrosa  com a fotografia &#8220;Machado&#8221;- 1991.<\/figcaption><\/figure>\n<\/div>\n\n\n\n<div class=\"wp-block-column is-layout-flow wp-block-column-is-layout-flow\">\n<figure class=\"wp-block-image size-full\"><img loading=\"lazy\" decoding=\"async\" width=\"600\" height=\"400\" src=\"https:\/\/terrana.com.br\/wp-content\/uploads\/2026\/08\/IMG_0014.jpg\" alt=\"\" class=\"wp-image-8030\" srcset=\"https:\/\/terrana.com.br\/wp-content\/uploads\/2026\/08\/IMG_0014.jpg 600w, https:\/\/terrana.com.br\/wp-content\/uploads\/2026\/08\/IMG_0014-300x200.jpg 300w\" sizes=\"auto, (max-width: 600px) 100vw, 600px\" \/><\/figure>\n<\/div>\n<\/div>\n\n\n\n<hr class=\"wp-block-separator has-alpha-channel-opacity\"\/>\n\n\n\n<p class=\"wp-block-paragraph\">Recortes de jornais da exposi\u00e7\u00e3o individual &#8220;Araguaia Paraupava&#8221; &#8211; sobre a regi\u00e3o do rio Araguaia junto da Ilha do Bananal.<\/p>\n\n\nngg_shortcode_7_placeholder\n\n\nngg_shortcode_8_placeholder\n\n\n\n<hr class=\"wp-block-separator has-alpha-channel-opacity\"\/>\n\n\n\n<div class=\"wp-block-columns is-layout-flex wp-container-core-columns-is-layout-0e47273b wp-block-columns-is-layout-flex\">\n<div class=\"wp-block-column is-layout-flow wp-block-column-is-layout-flow\">\n<figure class=\"wp-block-image alignleft size-full is-resized\"><img loading=\"lazy\" decoding=\"async\" width=\"320\" height=\"600\" src=\"https:\/\/terrana.com.br\/wp-content\/uploads\/2026\/08\/IMG_9983.jpg\" alt=\"\" class=\"wp-image-8068\" style=\"width:258px;height:auto\" srcset=\"https:\/\/terrana.com.br\/wp-content\/uploads\/2026\/08\/IMG_9983.jpg 320w, https:\/\/terrana.com.br\/wp-content\/uploads\/2026\/08\/IMG_9983-160x300.jpg 160w\" sizes=\"auto, (max-width: 320px) 100vw, 320px\" \/><\/figure>\n\n\n\n<p class=\"wp-block-paragraph\">Curso b\u00e1sico de fotografia para o pessoal da ASMEC. Nessa \u00e9poca eu estava trabalhando como editor de fotografia e fot\u00f3grafo das Revistas do Minist\u00e9rio da Educa\u00e7\u00e3o e Cultura.<\/p>\n<\/div>\n\n\n\n<div class=\"wp-block-column is-layout-flow wp-block-column-is-layout-flow\">\n<figure class=\"wp-block-image size-full is-resized\"><img loading=\"lazy\" decoding=\"async\" width=\"400\" height=\"600\" src=\"https:\/\/terrana.com.br\/wp-content\/uploads\/2026\/08\/IMG_9984.jpg\" alt=\"\" class=\"wp-image-8069\" style=\"width:329px;height:auto\" srcset=\"https:\/\/terrana.com.br\/wp-content\/uploads\/2026\/08\/IMG_9984.jpg 400w, https:\/\/terrana.com.br\/wp-content\/uploads\/2026\/08\/IMG_9984-200x300.jpg 200w\" sizes=\"auto, (max-width: 400px) 100vw, 400px\" \/><\/figure>\n<\/div>\n<\/div>\n\n\n\n<hr class=\"wp-block-separator has-alpha-channel-opacity\"\/>\n\n\n\n<div class=\"wp-block-columns is-layout-flex wp-container-core-columns-is-layout-0e47273b wp-block-columns-is-layout-flex\">\n<div class=\"wp-block-column is-layout-flow wp-block-column-is-layout-flow\">\n<figure class=\"wp-block-image size-full\"><img loading=\"lazy\" decoding=\"async\" width=\"600\" height=\"382\" src=\"https:\/\/terrana.com.br\/wp-content\/uploads\/2026\/08\/IMG_9524.jpg\" alt=\"\" class=\"wp-image-8075\" srcset=\"https:\/\/terrana.com.br\/wp-content\/uploads\/2026\/08\/IMG_9524.jpg 600w, https:\/\/terrana.com.br\/wp-content\/uploads\/2026\/08\/IMG_9524-300x191.jpg 300w\" sizes=\"auto, (max-width: 600px) 100vw, 600px\" \/><figcaption class=\"wp-element-caption\">Capa do livro Florestas 1978.<\/figcaption><\/figure>\n<\/div>\n\n\n\n<div class=\"wp-block-column is-layout-flow wp-block-column-is-layout-flow\">\n<figure class=\"wp-block-image size-full is-resized\"><img loading=\"lazy\" decoding=\"async\" width=\"600\" height=\"400\" src=\"https:\/\/terrana.com.br\/wp-content\/uploads\/2026\/08\/IMG_9992.jpg\" alt=\"\" class=\"wp-image-8077\" style=\"aspect-ratio:1.500019862551146;width:559px;height:auto\" srcset=\"https:\/\/terrana.com.br\/wp-content\/uploads\/2026\/08\/IMG_9992.jpg 600w, https:\/\/terrana.com.br\/wp-content\/uploads\/2026\/08\/IMG_9992-300x200.jpg 300w\" sizes=\"auto, (max-width: 600px) 100vw, 600px\" \/><\/figure>\n<\/div>\n<\/div>\n\n\n\n<div class=\"wp-block-columns is-layout-flex wp-container-core-columns-is-layout-0e47273b wp-block-columns-is-layout-flex\">\n<div class=\"wp-block-column is-layout-flow wp-block-column-is-layout-flow\">\n<figure class=\"wp-block-image alignleft size-full is-resized\"><img loading=\"lazy\" decoding=\"async\" width=\"503\" height=\"600\" src=\"https:\/\/terrana.com.br\/wp-content\/uploads\/2026\/08\/IMG_9991.jpg\" alt=\"\" class=\"wp-image-8076\" style=\"aspect-ratio:0.8383334741823714;width:441px;height:auto\" srcset=\"https:\/\/terrana.com.br\/wp-content\/uploads\/2026\/08\/IMG_9991.jpg 503w, https:\/\/terrana.com.br\/wp-content\/uploads\/2026\/08\/IMG_9991-252x300.jpg 252w\" sizes=\"auto, (max-width: 503px) 100vw, 503px\" \/><\/figure>\n<\/div>\n\n\n\n<div class=\"wp-block-column is-layout-flow wp-block-column-is-layout-flow\">\n<figure class=\"wp-block-image alignleft size-full\"><img loading=\"lazy\" decoding=\"async\" width=\"600\" height=\"562\" src=\"https:\/\/terrana.com.br\/wp-content\/uploads\/2026\/08\/IMG_9519.jpg\" alt=\"\" class=\"wp-image-8074\" srcset=\"https:\/\/terrana.com.br\/wp-content\/uploads\/2026\/08\/IMG_9519.jpg 600w, https:\/\/terrana.com.br\/wp-content\/uploads\/2026\/08\/IMG_9519-300x281.jpg 300w\" sizes=\"auto, (max-width: 600px) 100vw, 600px\" \/><\/figure>\n<\/div>\n<\/div>\n\n\n\n<hr class=\"wp-block-separator has-alpha-channel-opacity\"\/>\n","protected":false},"excerpt":{"rendered":"<p>Acompanhe meu trajeto como fot\u00f3grafo participando de mostras coletivas e individuais. em constru\u00e7\u00e3o Sou um fot\u00f3grafo brasileiro. Iniciei minha carreira em 1973, ao estudar Artes Pl\u00e1sticas na Funda\u00e7\u00e3o Armando \u00c1lvares Penteado (FAAP), em S\u00e3o Paulo. De l\u00e1 pra c\u00e1 desenvolvi meu trabalho em diversas \u00e1reas da fotografia, com um foco significativo em retratos, ensaios autorais, &hellip; <\/p>\n<p class=\"link-more\"><a href=\"https:\/\/terrana.com.br\/?page_id=4684\" class=\"more-link\">Leia mais<span class=\"screen-reader-text\"> &#8220;Exposi\u00e7\u00f5es&#8221;<\/span><\/a><\/p>\n","protected":false},"author":1,"featured_media":0,"parent":0,"menu_order":0,"comment_status":"closed","ping_status":"closed","template":"","meta":{"ngg_post_thumbnail":0,"inspiro_hide_title":false,"inspiro_hide_featured_image":false,"_joinchat":[],"footnotes":""},"class_list":["post-4684","page","type-page","status-publish","hentry"],"featured_media_urls":[],"_links":{"self":[{"href":"https:\/\/terrana.com.br\/index.php?rest_route=\/wp\/v2\/pages\/4684","targetHints":{"allow":["GET"]}}],"collection":[{"href":"https:\/\/terrana.com.br\/index.php?rest_route=\/wp\/v2\/pages"}],"about":[{"href":"https:\/\/terrana.com.br\/index.php?rest_route=\/wp\/v2\/types\/page"}],"author":[{"embeddable":true,"href":"https:\/\/terrana.com.br\/index.php?rest_route=\/wp\/v2\/users\/1"}],"replies":[{"embeddable":true,"href":"https:\/\/terrana.com.br\/index.php?rest_route=%2Fwp%2Fv2%2Fcomments&post=4684"}],"version-history":[{"count":78,"href":"https:\/\/terrana.com.br\/index.php?rest_route=\/wp\/v2\/pages\/4684\/revisions"}],"predecessor-version":[{"id":8081,"href":"https:\/\/terrana.com.br\/index.php?rest_route=\/wp\/v2\/pages\/4684\/revisions\/8081"}],"wp:attachment":[{"href":"https:\/\/terrana.com.br\/index.php?rest_route=%2Fwp%2Fv2%2Fmedia&parent=4684"}],"curies":[{"name":"wp","href":"https:\/\/api.w.org\/{rel}","templated":true}]}}